{"id":56,"date":"2020-06-15T16:24:44","date_gmt":"2020-06-15T14:24:44","guid":{"rendered":"https:\/\/bmemballage.com\/\/\/esp\/?page_id=56"},"modified":"2025-07-16T11:34:56","modified_gmt":"2025-07-16T09:34:56","slug":"flejadora-semi-automatica-b18p","status":"publish","type":"page","link":"https:\/\/bmemballage.com\/es\/flejadora-semi-automatica-b18p\/","title":{"rendered":"FLEJADORA SEMI-AUTOMATICA B18P"},"content":{"rendered":"<p>[et_pb_section fb_built=&#8221;1&#8243; _builder_version=&#8221;4.16&#8243; background_enable_image=&#8221;off&#8221; background_video_mp4=&#8221;https:\/\/bmemballage.com\/\/\/esp\/wp-content\/uploads\/sites\/7\/2020\/08\/SEQ-5-B-B18P_1.mp4&#8243; custom_padding=&#8221;||||false|false&#8221; custom_css_main_element=&#8221;height: 100vh;||display: flex;||justify-content: center;||&#8221; global_colors_info=&#8221;{}&#8221;][et_pb_row use_custom_gutter=&#8221;on&#8221; gutter_width=&#8221;1&#8243; make_equal=&#8221;on&#8221; _builder_version=&#8221;4.16&#8243; width=&#8221;100%&#8221; max_width=&#8221;1479px&#8221; custom_margin=&#8221;auto|auto|auto|auto|false|false&#8221; custom_margin_tablet=&#8221;&#8221; custom_margin_phone=&#8221;||||false|false&#8221; custom_margin_last_edited=&#8221;on|phone&#8221; animation_direction=&#8221;left&#8221; custom_width_px=&#8221;1280px&#8221; global_colors_info=&#8221;{}&#8221;][et_pb_column type=&#8221;4_4&#8243; _builder_version=&#8221;4.16&#8243; background_position=&#8221;top_left&#8221; custom_padding=&#8221;|||&#8221; global_colors_info=&#8221;{}&#8221; custom_padding__hover=&#8221;|||&#8221;][et_pb_image src=&#8221;https:\/\/bmemballage.com\/\/\/esp\/wp-content\/uploads\/sites\/7\/2020\/08\/B18P-LOGO.svg&#8221; title_text=&#8221;B18P LOGO&#8221; _builder_version=&#8221;4.16&#8243; _module_preset=&#8221;default&#8221; width=&#8221;18%&#8221; width_tablet=&#8221;&#8221; width_phone=&#8221;50%&#8221; width_last_edited=&#8221;on|phone&#8221; module_alignment=&#8221;center&#8221; custom_margin=&#8221;||30px||false|false&#8221; filter_invert=&#8221;100%&#8221; global_colors_info=&#8221;{}&#8221;][\/et_pb_image][et_pb_text _builder_version=&#8221;4.16&#8243; _module_preset=&#8221;default&#8221; text_font=&#8221;Montserrat|600|||||||&#8221; text_text_color=&#8221;#f4d010&#8243; text_font_size=&#8221;51px&#8221; text_letter_spacing=&#8221;-1px&#8221; text_line_height=&#8221;1.4em&#8221; header_font=&#8221;Montserrat|600|||||||&#8221; header_text_align=&#8221;center&#8221; header_text_color=&#8221;#f4d010&#8243; header_font_size=&#8221;48px&#8221; header_line_height=&#8221;1.4em&#8221; text_orientation=&#8221;center&#8221; background_layout=&#8221;dark&#8221; module_alignment=&#8221;left&#8221; custom_margin=&#8221;||0px|&#8221; text_font_size_tablet=&#8221;50&#8243; text_font_size_phone=&#8221;30px&#8221; text_font_size_last_edited=&#8221;on|phone&#8221; text_line_height_tablet=&#8221;1.1em&#8221; text_line_height_phone=&#8221;1em&#8221; text_line_height_last_edited=&#8221;on|phone&#8221; header_font_size_tablet=&#8221;&#8221; header_font_size_phone=&#8221;28px&#8221; header_font_size_last_edited=&#8221;on|phone&#8221; text_text_shadow_style=&#8221;preset3&#8243; text_text_shadow_color=&#8221;rgba(0,0,0,0.24)&#8221; text_text_align=&#8221;center&#8221; global_colors_info=&#8221;{}&#8221;]<\/p>\n<h1>FLEJADORA SEMIAUTOM\u00c1TICA<\/h1>\n<p>&nbsp;<\/p>\n<p>[\/et_pb_text][\/et_pb_column][\/et_pb_row][\/et_pb_section][et_pb_section fb_built=&#8221;1&#8243; _builder_version=&#8221;4.16&#8243; _module_preset=&#8221;c9cb76e2-e696-442d-9221-7abd54c606e6&#8243; global_colors_info=&#8221;{}&#8221;][et_pb_row custom_padding_last_edited=&#8221;on|phone&#8221; _builder_version=&#8221;4.16&#8243; _module_preset=&#8221;default&#8221; custom_padding=&#8221;||34px|||&#8221; custom_padding_tablet=&#8221;&#8221; custom_padding_phone=&#8221;||0px||false|false&#8221; global_colors_info=&#8221;{}&#8221;][et_pb_column type=&#8221;4_4&#8243; _builder_version=&#8221;4.16&#8243; _module_preset=&#8221;default&#8221; global_colors_info=&#8221;{}&#8221;][et_pb_text disabled_on=&#8221;on|off|off&#8221; _builder_version=&#8221;4.16&#8243; _module_preset=&#8221;3e83c471-5e65-4537-a855-d3569345055d&#8221; text_text_color=&#8221;#224584&#8243; header_text_align=&#8221;left&#8221; header_2_text_align=&#8221;center&#8221; global_colors_info=&#8221;{}&#8221;]<\/p>\n<h2>REAGRUPAMIENTO Y LAZO<\/h2>\n<p>[\/et_pb_text][et_pb_text _builder_version=&#8221;4.16&#8243; _module_preset=&#8221;default&#8221; text_font=&#8221;Open Sans||||||||&#8221; text_line_height=&#8221;1.4em&#8221; text_orientation=&#8221;center&#8221; global_colors_info=&#8221;{}&#8221;]<\/p>\n<p>La flejadora semiautom\u00e1tica <strong>B18P<\/strong> re\u00fane de manera eficiente y r\u00e1pida madera, <br \/>metros, portainjertos, injertos y plantas de vid para la preparaci\u00f3n de fardos.<\/p>\n<p>[\/et_pb_text][\/et_pb_column][\/et_pb_row][\/et_pb_section][et_pb_section fb_built=&#8221;1&#8243; custom_padding_last_edited=&#8221;on|tablet&#8221; _builder_version=&#8221;4.16&#8243; custom_padding=&#8221;0px||122px||false|false&#8221; custom_padding_tablet=&#8221;50px||50px||false|false&#8221; custom_padding_phone=&#8221;0px||||false|false&#8221; global_colors_info=&#8221;{}&#8221;][et_pb_row column_structure=&#8221;1_2,1_2&#8243; use_custom_gutter=&#8221;on&#8221; gutter_width=&#8221;1&#8243; _builder_version=&#8221;4.16&#8243; max_width=&#8221;1200px&#8221; module_alignment=&#8221;center&#8221; animation_style=&#8221;fade&#8221; animation_duration=&#8221;2000ms&#8221; global_colors_info=&#8221;{}&#8221;][et_pb_column type=&#8221;1_2&#8243; _builder_version=&#8221;4.16&#8243; custom_padding=&#8221;|50px||50px|false|true&#8221; custom_padding_tablet=&#8221;|0px||0px|false|true&#8221; custom_padding_phone=&#8221;&#8221; custom_padding_last_edited=&#8221;on|phone&#8221; border_color_right=&#8221;#224584&#8243; border_width_right_tablet=&#8221;&#8221; border_width_right_phone=&#8221;&#8221; border_width_right_last_edited=&#8221;on|phone&#8221; border_color_right_tablet=&#8221;rgba(0,0,0,0)&#8221; border_color_right_phone=&#8221;rgba(0,0,0,0)&#8221; border_color_right_last_edited=&#8221;on|desktop&#8221; global_colors_info=&#8221;{}&#8221;][et_pb_gallery gallery_ids=&#8221;221496,221497,221495,221494&#8243; fullwidth=&#8221;on&#8221; _builder_version=&#8221;4.24.0&#8243; _module_preset=&#8221;default&#8221; auto=&#8221;on&#8221; auto_speed=&#8221;2700&#8243; locked=&#8221;off&#8221; global_colors_info=&#8221;{}&#8221;][\/et_pb_gallery][\/et_pb_column][et_pb_column type=&#8221;1_2&#8243; _builder_version=&#8221;4.16&#8243; background_color=&#8221;#f4f4f4&#8243; custom_padding=&#8221;|64px|33px|64px|false|true&#8221; custom_padding_tablet=&#8221;|0px||0px|false|true&#8221; custom_padding_phone=&#8221;&#8221; custom_padding_last_edited=&#8221;on|phone&#8221; border_color_right=&#8221;#224584&#8243; border_width_right_tablet=&#8221;&#8221; border_width_right_phone=&#8221;&#8221; border_width_right_last_edited=&#8221;on|phone&#8221; border_color_right_tablet=&#8221;rgba(0,0,0,0)&#8221; border_color_right_phone=&#8221;rgba(0,0,0,0)&#8221; border_color_right_last_edited=&#8221;on|desktop&#8221; global_colors_info=&#8221;{}&#8221;][et_pb_blurb title=&#8221;Ventajas&#8221; use_icon=&#8221;on&#8221; font_icon=&#8221;&#xe0dd;||divi||400&#8243; icon_color=&#8221;#f4d010&#8243; image_icon_width=&#8221;40px&#8221; image_icon_width_tablet=&#8221;40px&#8221; image_icon_width_phone=&#8221;30px&#8221; image_icon_width_last_edited=&#8221;on|phone&#8221; module_class=&#8221;blurb_icon_color&#8221; _builder_version=&#8221;4.16&#8243; header_font=&#8221;|700|||||||&#8221; header_text_align=&#8221;center&#8221; header_text_color=&#8221;#4D4134&#8243; header_font_size=&#8221;20px&#8221; header_line_height=&#8221;1.4em&#8221; body_font=&#8221;||||||||&#8221; body_text_align=&#8221;left&#8221; body_text_color=&#8221;rgba(0,0,0,0.65)&#8221; body_line_height=&#8221;1.8em&#8221; custom_padding=&#8221;49px||||false|false&#8221; custom_padding_tablet=&#8221;&#8221; custom_padding_phone=&#8221;50px|10px||20px|false|false&#8221; custom_padding_last_edited=&#8221;on|phone&#8221; header_font_size_tablet=&#8221;&#8221; header_font_size_phone=&#8221;16px&#8221; header_font_size_last_edited=&#8221;on|phone&#8221; body_font_size_tablet=&#8221;&#8221; body_font_size_phone=&#8221;14px&#8221; body_font_size_last_edited=&#8221;on|phone&#8221; icon_font_size=&#8221;40px&#8221; icon_font_size_tablet=&#8221;&#8221; icon_font_size_phone=&#8221;30px&#8221; icon_font_size_last_edited=&#8221;on|phone&#8221; global_colors_info=&#8221;{}&#8221;]<\/p>\n<ul>\n<li>M\u00e1quina fiable<\/li>\n<li>Tiempo de calefacci\u00f3n r\u00e1pido<\/li>\n<\/ul>\n<p>[\/et_pb_blurb][et_pb_blurb title=&#8221;Por qu\u00e9 comprar un BM18P?&#8221; use_icon=&#8221;on&#8221; font_icon=&#8221;&#xe072;||divi||400&#8243; icon_color=&#8221;#f4d010&#8243; image_icon_width=&#8221;40px&#8221; image_icon_width_tablet=&#8221;40px&#8221; image_icon_width_phone=&#8221;30px&#8221; image_icon_width_last_edited=&#8221;on|phone&#8221; module_class=&#8221;blurb_icon_color&#8221; _builder_version=&#8221;4.16&#8243; header_font=&#8221;|700|||||||&#8221; header_text_align=&#8221;center&#8221; header_text_color=&#8221;#4D4134&#8243; header_font_size=&#8221;20px&#8221; header_line_height=&#8221;1.4em&#8221; body_font=&#8221;||||||||&#8221; body_text_align=&#8221;left&#8221; body_text_color=&#8221;rgba(0,0,0,0.65)&#8221; body_line_height=&#8221;1.8em&#8221; custom_padding=&#8221;49px||||false|false&#8221; custom_padding_tablet=&#8221;&#8221; custom_padding_phone=&#8221;50px|10px||20px|false|false&#8221; custom_padding_last_edited=&#8221;on|phone&#8221; header_font_size_tablet=&#8221;&#8221; header_font_size_phone=&#8221;16px&#8221; header_font_size_last_edited=&#8221;on|phone&#8221; body_font_size_tablet=&#8221;&#8221; body_font_size_phone=&#8221;14px&#8221; body_font_size_last_edited=&#8221;on|phone&#8221; icon_font_size=&#8221;40px&#8221; icon_font_size_tablet=&#8221;&#8221; icon_font_size_phone=&#8221;30px&#8221; icon_font_size_last_edited=&#8221;on|phone&#8221; global_colors_info=&#8221;{}&#8221;]<\/p>\n<p>&nbsp;<\/p>\n<ul>\n<li>Necesito optimizar el tiempo de creaci\u00f3n del paquete<\/li>\n<li>Ya no puedo usar el cable<\/li>\n<li>Se conecta al cable de forma muy f\u00edsica, por lo que &#8220;puedo confiar&#8221; esta tarea a alguien menos &#8220;fuerte&#8221;.<\/li>\n<li>Es ideal para colocar la etiqueta de rastreo.<\/li>\n<li>Enlace inviolable<\/li>\n<\/ul>\n<p>[\/et_pb_blurb][\/et_pb_column][\/et_pb_row][\/et_pb_section][et_pb_section fb_built=&#8221;1&#8243; custom_padding_last_edited=&#8221;on|phone&#8221; _builder_version=&#8221;4.16&#8243; background_color=&#8221;#f4d010&#8243; custom_padding=&#8221;32px||0px||false|false&#8221; custom_padding_tablet=&#8221;&#8221; custom_padding_phone=&#8221;0px||0px||false|false&#8221; global_colors_info=&#8221;{}&#8221;][et_pb_row column_structure=&#8221;3_5,2_5&#8243; make_equal=&#8221;on&#8221; custom_padding_last_edited=&#8221;on|tablet&#8221; module_class=&#8221;custom_row&#8221; _builder_version=&#8221;4.16&#8243; width_tablet=&#8221;&#8221; width_phone=&#8221;100%&#8221; width_last_edited=&#8221;on|phone&#8221; module_alignment=&#8221;center&#8221; custom_padding=&#8221;0px||0px|||&#8221; custom_padding_tablet=&#8221;||70px||false|false&#8221; custom_padding_phone=&#8221;||0px||false|false&#8221; global_colors_info=&#8221;{}&#8221;][et_pb_column type=&#8221;3_5&#8243; module_class=&#8221;second-on-mobile&#8221; _builder_version=&#8221;4.16&#8243; global_colors_info=&#8221;{}&#8221;][et_pb_video src=&#8221;https:\/\/youtu.be\/HLuEu40T7Fo?feature=shared&#8221; src_webm=&#8221;https:\/\/youtu.be\/HLuEu40T7Fo?feature=shared&#8221; image_src=&#8221;\/\/i.ytimg.com\/vi\/HLuEu40T7Fo\/hqdefault.jpg&#8221; thumbnail_overlay_color=&#8221;rgba(0,0,0,0.6)&#8221; _builder_version=&#8221;4.24.0&#8243; custom_margin=&#8221;-100px||-100px||true|false&#8221; custom_margin_tablet=&#8221;50px||50px||true|false&#8221; custom_margin_phone=&#8221;0px||0px||true|false&#8221; custom_margin_last_edited=&#8221;on|tablet&#8221; hover_enabled=&#8221;0&#8243; border_width_all=&#8221;10px&#8221; border_color_all=&#8221;#ffffff&#8221; box_shadow_style=&#8221;preset1&#8243; box_shadow_blur=&#8221;14px&#8221; box_shadow_color=&#8221;rgba(0,0,0,0.09)&#8221; global_colors_info=&#8221;{}&#8221; sticky_enabled=&#8221;0&#8243;][\/et_pb_video][\/et_pb_column][et_pb_column type=&#8221;2_5&#8243; module_class=&#8221;marvel_vertical_align&#8221; _builder_version=&#8221;4.16&#8243; global_colors_info=&#8221;{}&#8221;][et_pb_text _builder_version=&#8221;4.16&#8243; text_font=&#8221;Montserrat|300|||||||&#8221; text_text_color=&#8221;#4D4134&#8243; text_font_size=&#8221;25px&#8221; text_line_height=&#8221;1.4em&#8221; custom_margin=&#8221;28px||14px||false|false&#8221; animation_style=&#8221;fade&#8221; animation_duration=&#8221;2000ms&#8221; animation_delay=&#8221;200ms&#8221; text_font_size_tablet=&#8221;&#8221; text_font_size_phone=&#8221;18px&#8221; text_font_size_last_edited=&#8221;on|phone&#8221; text_orientation_tablet=&#8221;&#8221; text_orientation_phone=&#8221;center&#8221; text_orientation_last_edited=&#8221;on|phone&#8221; global_colors_info=&#8221;{}&#8221;]<\/p>\n<p>Video<\/p>\n<p>[\/et_pb_text][et_pb_text _builder_version=&#8221;4.16&#8243; text_font=&#8221;Montserrat|700||on|||||&#8221; text_text_color=&#8221;#224584&#8243; text_font_size=&#8221;35px&#8221; text_line_height=&#8221;1.4em&#8221; custom_margin=&#8221;-14px||7px|||&#8221; custom_padding=&#8221;0px|||||&#8221; animation_style=&#8221;fade&#8221; animation_duration=&#8221;2000ms&#8221; animation_delay=&#8221;200ms&#8221; text_font_size_tablet=&#8221;&#8221; text_font_size_phone=&#8221;18px&#8221; text_font_size_last_edited=&#8221;on|phone&#8221; text_orientation_tablet=&#8221;&#8221; text_orientation_phone=&#8221;center&#8221; text_orientation_last_edited=&#8221;on|phone&#8221; global_colors_info=&#8221;{}&#8221; text_font_size__hover_enabled=&#8221;off&#8221;]<\/p>\n<p>LA B18P EN ACCI\u00d3N<\/p>\n<p>[\/et_pb_text][\/et_pb_column][\/et_pb_row][\/et_pb_section][et_pb_section fb_built=&#8221;1&#8243; custom_padding_last_edited=&#8221;on|tablet&#8221; _builder_version=&#8221;4.16&#8243; custom_padding=&#8221;200px||12px||false|false&#8221; custom_padding_tablet=&#8221;50px||||false|false&#8221; custom_padding_phone=&#8221;&#8221; global_colors_info=&#8221;{}&#8221;][et_pb_row _builder_version=&#8221;4.16&#8243; _module_preset=&#8221;default&#8221; global_colors_info=&#8221;{}&#8221;][et_pb_column type=&#8221;4_4&#8243; _builder_version=&#8221;4.16&#8243; _module_preset=&#8221;default&#8221; global_colors_info=&#8221;{}&#8221;][et_pb_text _builder_version=&#8221;4.16&#8243; _module_preset=&#8221;930fe7e1-2356-4c90-be23-76895ec7330f&#8221; text_text_align=&#8221;center&#8221; global_colors_info=&#8221;{}&#8221;]<\/p>\n<p>EN M\u00c1S DETALLE<\/p>\n<p>[\/et_pb_text][et_pb_text _builder_version=&#8221;4.16&#8243; _module_preset=&#8221;5858ffb0-14ff-48b5-b8d4-65618a7f64b3&#8243; global_colors_info=&#8221;{}&#8221;]<\/p>\n<ul>\n<li>M\u00e1quina vertical sobre chasis acero<\/li>\n<li>Sellado por termo soldadura<\/li>\n<li>Tiempo de calefacci\u00f3n r\u00e1pido<\/li>\n<li>Ancho de fleje 12 mm<\/li>\n<li>Mesa ajustable de acero<\/li>\n<li>M\u00e1quina equipada con 4 ruedad de caucho<\/li>\n<li>Tecla \u00ab reset \u00bb para reiniciar la m\u00e1quina<\/li>\n<li>M\u00e1quina fiable<\/li>\n<li>Mesa grande en opci\u00f3n<\/li>\n<li>Material conforme a las normas de la CE<\/li>\n<\/ul>\n<p>[\/et_pb_text][et_pb_text _builder_version=&#8221;4.16&#8243; _module_preset=&#8221;default&#8221; text_font=&#8221;Open Sans||||||||&#8221; global_colors_info=&#8221;{}&#8221;]<\/p>\n<p><strong>Dimensionses<\/strong><\/p>\n<p>[\/et_pb_text][et_pb_text _builder_version=&#8221;4.16&#8243; _module_preset=&#8221;5858ffb0-14ff-48b5-b8d4-65618a7f64b3&#8243; global_colors_info=&#8221;{}&#8221;]<\/p>\n<ul>\n<li>Ancho sin nada : 545 mm<\/li>\n<li>Profondidad : 745 mm<\/li>\n<li>Altura : 1 150 mm<\/li>\n<li>Altura de las mesas de trabajo : 650 \u00e0 850 mm<\/li>\n<li>Peso de la m\u00e1quina : 70 kg<\/li>\n<\/ul>\n<p>[\/et_pb_text][et_pb_text _builder_version=&#8221;4.16&#8243; _module_preset=&#8221;default&#8221; text_font=&#8221;Open Sans||||||||&#8221; global_colors_info=&#8221;{}&#8221;]<\/p>\n<p><strong>Potencia<\/strong><\/p>\n<p>[\/et_pb_text][et_pb_text _builder_version=&#8221;4.16&#8243; _module_preset=&#8221;5858ffb0-14ff-48b5-b8d4-65618a7f64b3&#8243; global_colors_info=&#8221;{}&#8221;]<\/p>\n<ul>\n<li>Voltaje: 230 V<\/li>\n<li>Frecuencia : 50 Hz<\/li>\n<li>Intensidad : 3 A<\/li>\n<li>Potencia : 0.40 kW<\/li>\n<li>Fuerza de tensi\u00f3n : 1 \u00e0 70 kg<\/li>\n<\/ul>\n<p>[\/et_pb_text][et_pb_text _builder_version=&#8221;4.16&#8243; _module_preset=&#8221;default&#8221; text_font=&#8221;Open Sans||||||||&#8221; global_colors_info=&#8221;{}&#8221;]<\/p>\n<p><strong>Consumible<\/strong><\/p>\n<p>[\/et_pb_text][et_pb_text _builder_version=&#8221;4.16&#8243; _module_preset=&#8221;5858ffb0-14ff-48b5-b8d4-65618a7f64b3&#8243; global_colors_info=&#8221;{}&#8221;]<\/p>\n<ul>\n<li>Materia : Polipropileno<\/li>\n<li>Ancho: 5 \u00e0 12 mm<\/li>\n<li>Espesor : 0.45 \u00e0 0.63 mm<\/li>\n<li>Bobina \u00d8 : 200 mm<\/li>\n<li>Longitud bobina : de 3 000 a 8 000 m\u00e8tros<\/li>\n<li>Paquete : caja de 2 bobinas<\/li>\n<li>Precauciones : Un fleje de mala calidad puede deteriorar a los rendimientos de la m\u00e1quina.<\/li>\n<\/ul>\n<p>[\/et_pb_text][\/et_pb_column][\/et_pb_row][\/et_pb_section][et_pb_section fb_built=&#8221;1&#8243; custom_padding_last_edited=&#8221;on|phone&#8221; _builder_version=&#8221;4.6.5&#8243; _module_preset=&#8221;default&#8221; background_color=&#8221;#f2f2f2&#8243; custom_padding=&#8221;36px||36px||true|false&#8221; custom_padding_tablet=&#8221;&#8221; custom_padding_phone=&#8221;60px||60px||true|false&#8221; global_module=&#8221;223636&#8243; saved_tabs=&#8221;all&#8221; global_colors_info=&#8221;{}&#8221;][et_pb_row custom_padding_last_edited=&#8221;on|phone&#8221; _builder_version=&#8221;4.16&#8243; _module_preset=&#8221;default&#8221; custom_padding=&#8221;68px||3px|||&#8221; custom_padding_tablet=&#8221;&#8221; custom_padding_phone=&#8221;0px||3px||false|false&#8221; global_colors_info=&#8221;{}&#8221;][et_pb_column type=&#8221;4_4&#8243; _builder_version=&#8221;4.16&#8243; _module_preset=&#8221;default&#8221; global_colors_info=&#8221;{}&#8221;][et_pb_text _builder_version=&#8221;4.16&#8243; _module_preset=&#8221;930fe7e1-2356-4c90-be23-76895ec7330f&#8221; text_line_height=&#8221;1.4em&#8221; text_text_align=&#8221;center&#8221; global_colors_info=&#8221;{}&#8221;]<\/p>\n<p>DESEA RECIBIR UNA PROPUESTA COMERCIAL PARA UNA O VARIAS M\u00c1QUINAS ?<\/p>\n<p>[\/et_pb_text][et_pb_button button_url=&#8221;#too1&#8243; button_text=&#8221;S\u00ed, deseo recibir una propuesta comercial&#8221; module_class=&#8221;rv_button closed&#8221; _builder_version=&#8221;4.16&#8243; _module_preset=&#8221;e70fe75c-e6cc-4ac8-a9c9-8b2701734146&#8243; button_text_color=&#8221;#ffffff&#8221; button_bg_color=&#8221;#224584&#8243; button_text_size_tablet=&#8221;&#8221; button_text_size_phone=&#8221;16px&#8221; button_text_size_last_edited=&#8221;on|phone&#8221; locked=&#8221;off&#8221; global_colors_info=&#8221;{}&#8221;][\/et_pb_button][\/et_pb_column][\/et_pb_row][et_pb_row module_id=&#8221;too1&#8243; _builder_version=&#8221;4.16&#8243; _module_preset=&#8221;default&#8221; global_colors_info=&#8221;{}&#8221;][et_pb_column type=&#8221;4_4&#8243; _builder_version=&#8221;4.16&#8243; _module_preset=&#8221;default&#8221; global_colors_info=&#8221;{}&#8221;][et_pb_divider show_divider=&#8221;off&#8221; _builder_version=&#8221;4.16&#8243; _module_preset=&#8221;default&#8221; global_colors_info=&#8221;{}&#8221;][\/et_pb_divider][\/et_pb_column][\/et_pb_row][et_pb_row module_id=&#8221;reveal&#8221; _builder_version=&#8221;4.16&#8243; _module_preset=&#8221;default&#8221; custom_margin=&#8221;0px|auto||auto||&#8221; custom_padding=&#8221;13px|||||&#8221; global_colors_info=&#8221;{}&#8221;][et_pb_column type=&#8221;4_4&#8243; _builder_version=&#8221;4.16&#8243; _module_preset=&#8221;default&#8221; global_colors_info=&#8221;{}&#8221;][et_pb_wpt_gravityform gravityform_id=&#8221;gf-2&#8243; title=&#8221;off&#8221; description=&#8221;off&#8221; ajax=&#8221;on&#8221; _builder_version=&#8221;4.9.1&#8243; _module_preset=&#8221;default&#8221; custom_css_main_element=&#8221;box-shadow: 0 20px 100px rgba(0,0,0,.1);||-webkit-box-shadow: 0 20px 100px rgba(0,0,0,.1);||-moz-box-shadow: 0 20px 100px rgba(0,0,0,.1);||border-radius: 5px;||-webkit-border-radius: 5px;||-moz-border-radius: 5px;&#8221; locked=&#8221;off&#8221; global_colors_info=&#8221;{}&#8221;][\/et_pb_wpt_gravityform][et_pb_text _builder_version=&#8221;4.16&#8243; _module_preset=&#8221;default&#8221; text_font=&#8221;Raleway||on||||||&#8221; text_font_size=&#8221;14px&#8221; locked=&#8221;off&#8221; global_colors_info=&#8221;{}&#8221;]<\/p>\n<p>Reglamento General de Protecci\u00f3n de Datos de la Uni\u00f3n Europea: los datos recogidos ser\u00e1n objeto de un tratamiento inform\u00e1tico para la gesti\u00f3n de nuestra base de contactos entrantes. Somos responsables del tratamiento de sus datos. Los servicios internos y externos de la empresa <strong>BM Emballage<\/strong> son los destinatarios de estos datos. Conforme a la ley francesa \u00abInform\u00e1tica, Archivos y Libertades\u00bb, de 6 de enero de 1978 modificada, dispone de un derecho de acceso, modificaci\u00f3n y rectificaci\u00f3n de los datos que le conciernen que podr\u00e1 ejercer mediante una solicitud por correo electr\u00f3nico. Est\u00e1 en su derecho de rechazar el tratamiento de sus datos personales. En este caso, no podr\u00e1 beneficiarse de nuestros servicios.<\/p>\n<p>[\/et_pb_text][\/et_pb_column][\/et_pb_row][\/et_pb_section][et_pb_section fb_built=&#8221;1&#8243; custom_padding_last_edited=&#8221;on|phone&#8221; _builder_version=&#8221;4.16&#8243; _module_preset=&#8221;default&#8221; background_color=&#8221;#ffffff&#8221; custom_padding_tablet=&#8221;&#8221; custom_padding_phone=&#8221;40px||40px||false|false&#8221; global_colors_info=&#8221;{}&#8221;][et_pb_row _builder_version=&#8221;4.16&#8243; _module_preset=&#8221;default&#8221; global_colors_info=&#8221;{}&#8221;][et_pb_column type=&#8221;4_4&#8243; _builder_version=&#8221;4.16&#8243; _module_preset=&#8221;default&#8221; global_colors_info=&#8221;{}&#8221;][et_pb_text _builder_version=&#8221;4.16&#8243; _module_preset=&#8221;3e83c471-5e65-4537-a855-d3569345055d&#8221; text_orientation=&#8221;center&#8221; locked=&#8221;off&#8221; global_colors_info=&#8221;{}&#8221;]<\/p>\n<h2>CORTE PARA PORTAINJERTOS, DESCUBRA LA BM116<\/h2>\n<p>&nbsp;<\/p>\n<p>[\/et_pb_text][\/et_pb_column][\/et_pb_row][et_pb_row _builder_version=&#8221;4.16&#8243; _module_preset=&#8221;default&#8221; global_colors_info=&#8221;{}&#8221;][et_pb_column type=&#8221;4_4&#8243; _builder_version=&#8221;4.16&#8243; _module_preset=&#8221;default&#8221; global_colors_info=&#8221;{}&#8221;][et_pb_image src=&#8221;https:\/\/bmemballage.com\/\/\/esp\/wp-content\/uploads\/sites\/7\/2020\/07\/BM116-DETOUREE_1200x1005.jpg&#8221; title_text=&#8221;BM116-DETOUREE_1200x1005&#8243; align=&#8221;center&#8221; _builder_version=&#8221;4.16&#8243; _module_preset=&#8221;default&#8221; width=&#8221;49%&#8221; global_colors_info=&#8221;{}&#8221;][\/et_pb_image][\/et_pb_column][\/et_pb_row][et_pb_row _builder_version=&#8221;4.16&#8243; _module_preset=&#8221;default&#8221; global_colors_info=&#8221;{}&#8221;][et_pb_column type=&#8221;4_4&#8243; _builder_version=&#8221;4.16&#8243; _module_preset=&#8221;default&#8221; global_colors_info=&#8221;{}&#8221;][et_pb_button button_url=&#8221;https:\/\/bmemballage.com\/\/\/es\/maquina-de-corte-para-portainjertos-bm116\/&#8221; button_text=&#8221;M\u00e1s informaci\u00f3n &#8221; _builder_version=&#8221;4.16&#8243; _module_preset=&#8221;f0d268c9-cd45-44d0-9268-8b53c75e4234&#8243; button_text_color=&#8221;#224584&#8243; button_font=&#8221;|||on|||||&#8221; button_text_size_tablet=&#8221;&#8221; button_text_size_phone=&#8221;18px&#8221; button_text_size_last_edited=&#8221;on|phone&#8221; locked=&#8221;off&#8221; global_colors_info=&#8221;{}&#8221;][\/et_pb_button][\/et_pb_column][\/et_pb_row][\/et_pb_section][et_pb_section fb_built=&#8221;1&#8243; _builder_version=&#8221;4.5.6&#8243; _module_preset=&#8221;default&#8221; background_color=&#8221;#f2f2f2&#8243; custom_padding=&#8221;84px||84px||true|&#8221; global_module=&#8221;223642&#8243; saved_tabs=&#8221;all&#8221; locked=&#8221;off&#8221; global_colors_info=&#8221;{}&#8221;][et_pb_row _builder_version=&#8221;4.16&#8243; _module_preset=&#8221;default&#8221; custom_margin=&#8221;|auto|-4px|auto||&#8221; custom_padding=&#8221;4px||29px|||&#8221; global_colors_info=&#8221;{}&#8221;][et_pb_column type=&#8221;4_4&#8243; _builder_version=&#8221;4.16&#8243; _module_preset=&#8221;default&#8221; global_colors_info=&#8221;{}&#8221;][et_pb_text _builder_version=&#8221;4.16&#8243; _module_preset=&#8221;930fe7e1-2356-4c90-be23-76895ec7330f&#8221; text_font=&#8221;Open Sans|600|||||||&#8221; text_font_size=&#8221;30px&#8221; text_line_height=&#8221;1.4em&#8221; min_height=&#8221;43px&#8221; custom_margin=&#8221;||-1px|||&#8221; global_colors_info=&#8221;{}&#8221; button_text_size_phone=&#8221;18px&#8221; button_text_size_last_edited=&#8221;on|phone&#8221;]<\/p>\n<p>P\u00f3ngase en contacto con nuestros asesores <br \/>para cualquier informaci\u00f3n<\/p>\n<p>[\/et_pb_text][\/et_pb_column][\/et_pb_row][et_pb_row _builder_version=&#8221;4.16&#8243; _module_preset=&#8221;default&#8221; custom_margin=&#8221;3px|auto|-23px|auto||&#8221; custom_padding=&#8221;0px||4px|||&#8221; global_colors_info=&#8221;{}&#8221;][et_pb_column type=&#8221;4_4&#8243; _builder_version=&#8221;4.16&#8243; _module_preset=&#8221;default&#8221; global_colors_info=&#8221;{}&#8221;][et_pb_button button_url=&#8221;https:\/\/bmemballage.com\/\/\/es\/contacto\/#contactenos&#8221; button_text=&#8221;Cont\u00e1ctar&#8221; _builder_version=&#8221;4.16&#8243; _module_preset=&#8221;default&#8221; button_text_color=&#8221;#224584&#8243; button_font=&#8221;|||on|||||&#8221; custom_margin=&#8221;11px|||||&#8221; button_text_size_tablet=&#8221;&#8221; button_text_size_phone=&#8221;18px&#8221; button_text_size_last_edited=&#8221;on|phone&#8221; global_colors_info=&#8221;{}&#8221;][\/et_pb_button][\/et_pb_column][\/et_pb_row][\/et_pb_section]<\/p>\n","protected":false},"excerpt":{"rendered":"<p>La machine \u00e0 cercler semi-automatique B18P regroupe efficacement et rapidement<br \/>\nbois, m\u00e8tres, porte-greffes, greffons et plant de vignes pour la pr\u00e9paration des fagots<\/p>\n","protected":false},"author":1,"featured_media":0,"parent":0,"menu_order":0,"comment_status":"closed","ping_status":"closed","template":"","meta":{"_et_pb_use_builder":"on","_et_pb_old_content":"","_et_gb_content_width":"","inline_featured_image":false,"pmpro_default_level":0,"footnotes":""},"acf":[],"yoast_head":"<!-- This site is optimized with the Yoast SEO Premium plugin v15.0 - https:\/\/yoast.com\/wordpress\/plugins\/seo\/ -->\n<title>B18P - Flejadora semiautom\u00e1tica | BM EMBALLAGE<\/title>\n<meta name=\"description\" content=\"La flejadora semiautom\u00e1tica B18P enfarda eficaz y r\u00e1pidamente madera, metros, portainjertos, injertos y plantas de vid para la preparaci\u00f3n de fajos (atado).\" \/>\n<meta name=\"robots\" content=\"index, follow, max-snippet:-1, max-image-preview:large, max-video-preview:-1\" \/>\n<link rel=\"canonical\" href=\"https:\/\/bmemballage.com\/es\/flejadora-semi-automatica-b18p\/\" \/>\n<meta property=\"og:locale\" content=\"es_ES\" \/>\n<meta property=\"og:type\" content=\"article\" \/>\n<meta property=\"og:title\" content=\"B18P - Flejadora semiautom\u00e1tica | BM EMBALLAGE\" \/>\n<meta property=\"og:description\" content=\"La flejadora semiautom\u00e1tica B18P enfarda eficaz y r\u00e1pidamente madera, metros, portainjertos, injertos y plantas de vid para la preparaci\u00f3n de fajos (atado).\" \/>\n<meta property=\"og:url\" content=\"https:\/\/bmemballage.com\/es\/wp-json\/wp\/v2\/pages\/56\" \/>\n<meta property=\"og:site_name\" content=\"BM EMBALLAGE ESP\" \/>\n<meta property=\"article:modified_time\" content=\"2025-07-16T09:34:56+00:00\" \/>\n<meta name=\"twitter:card\" content=\"summary_large_image\" \/>\n<script type=\"application\/ld+json\" class=\"yoast-schema-graph\">{\"@context\":\"https:\/\/schema.org\",\"@graph\":[{\"@type\":\"Organization\",\"@id\":\"https:\/\/bmemballage.com\/es\/#organization\",\"name\":\"BM EMBALLAGE\",\"url\":\"https:\/\/bmemballage.com\/es\/\",\"sameAs\":[],\"logo\":{\"@type\":\"ImageObject\",\"@id\":\"https:\/\/bmemballage.com\/es\/#logo\",\"inLanguage\":\"es\",\"url\":\"https:\/\/bmemballage.com\/es\/wp-content\/uploads\/sites\/7\/2020\/07\/BM-EMBALLAGE-GAMME-PEPINIERISTE-LOGO.png\",\"width\":954,\"height\":388,\"caption\":\"BM EMBALLAGE\"},\"image\":{\"@id\":\"https:\/\/bmemballage.com\/es\/#logo\"}},{\"@type\":\"WebSite\",\"@id\":\"https:\/\/bmemballage.com\/es\/#website\",\"url\":\"https:\/\/bmemballage.com\/es\/\",\"name\":\"BM EMBALLAGE ESP\",\"description\":\"GAMME DE MACHINE POUR P\\u00c9PINIERISTES VITICOLES\",\"publisher\":{\"@id\":\"https:\/\/bmemballage.com\/es\/#organization\"},\"potentialAction\":[{\"@type\":\"SearchAction\",\"target\":\"https:\/\/bmemballage.com\/es\/?s={search_term_string}\",\"query-input\":\"required name=search_term_string\"}],\"inLanguage\":\"es\"},{\"@type\":\"WebPage\",\"@id\":\"https:\/\/bmemballage.com\/es\/flejadora-semi-automatica-b18p\/#webpage\",\"url\":\"https:\/\/bmemballage.com\/es\/flejadora-semi-automatica-b18p\/\",\"name\":\"B18P - Flejadora semiautom\\u00e1tica | BM EMBALLAGE\",\"isPartOf\":{\"@id\":\"https:\/\/bmemballage.com\/es\/#website\"},\"datePublished\":\"2020-06-15T14:24:44+00:00\",\"dateModified\":\"2025-07-16T09:34:56+00:00\",\"description\":\"La flejadora semiautom\\u00e1tica B18P enfarda eficaz y r\\u00e1pidamente madera, metros, portainjertos, injertos y plantas de vid para la preparaci\\u00f3n de fajos (atado).\",\"inLanguage\":\"es\",\"potentialAction\":[{\"@type\":\"ReadAction\",\"target\":[\"https:\/\/bmemballage.com\/es\/flejadora-semi-automatica-b18p\/\"]}]}]}<\/script>\n<!-- \/ Yoast SEO Premium plugin. -->","_links":{"self":[{"href":"https:\/\/bmemballage.com\/es\/wp-json\/wp\/v2\/pages\/56"}],"collection":[{"href":"https:\/\/bmemballage.com\/es\/wp-json\/wp\/v2\/pages"}],"about":[{"href":"https:\/\/bmemballage.com\/es\/wp-json\/wp\/v2\/types\/page"}],"author":[{"embeddable":true,"href":"https:\/\/bmemballage.com\/es\/wp-json\/wp\/v2\/users\/1"}],"replies":[{"embeddable":true,"href":"https:\/\/bmemballage.com\/es\/wp-json\/wp\/v2\/comments?post=56"}],"version-history":[{"count":3,"href":"https:\/\/bmemballage.com\/es\/wp-json\/wp\/v2\/pages\/56\/revisions"}],"predecessor-version":[{"id":225041,"href":"https:\/\/bmemballage.com\/es\/wp-json\/wp\/v2\/pages\/56\/revisions\/225041"}],"wp:attachment":[{"href":"https:\/\/bmemballage.com\/es\/wp-json\/wp\/v2\/media?parent=56"}],"curies":[{"name":"wp","href":"https:\/\/api.w.org\/{rel}","templated":true}]}}