{"id":33,"date":"2020-06-15T16:19:02","date_gmt":"2020-06-15T14:19:02","guid":{"rendered":"https:\/\/bmemballage.com\/\/\/esp\/?page_id=33"},"modified":"2025-02-26T10:23:02","modified_gmt":"2025-02-26T09:23:02","slug":"contacto","status":"publish","type":"page","link":"https:\/\/bmemballage.com\/es\/contacto\/","title":{"rendered":"CONTACTO"},"content":{"rendered":"<p>[et_pb_section fb_built=&#8221;1&#8243; _builder_version=&#8221;4.16&#8243; _module_preset=&#8221;default&#8221; background_image=&#8221;https:\/\/bmemballage.com\/\/\/esp\/wp-content\/uploads\/sites\/7\/2020\/08\/BM-EMBALLAGE-PLANTS-DE-VIGNE-MACHINES-POUR-LES-PEPINIERERISTES-VITICOLES.jpg&#8221; custom_padding=&#8221;0px||0px|||&#8221; global_colors_info=&#8221;{}&#8221;][et_pb_row use_custom_gutter=&#8221;on&#8221; gutter_width=&#8221;1&#8243; _builder_version=&#8221;4.16&#8243; _module_preset=&#8221;default&#8221; background_color=&#8221;rgba(0,0,0,0.44)&#8221; width=&#8221;100%&#8221; max_width=&#8221;1920px&#8221; custom_padding=&#8221;266px||266px||true|&#8221; global_colors_info=&#8221;{}&#8221;][et_pb_column type=&#8221;4_4&#8243; _builder_version=&#8221;4.16&#8243; _module_preset=&#8221;default&#8221; global_colors_info=&#8221;{}&#8221;][et_pb_text content_tablet=&#8221;<\/p>\n<h1>CU\u00c9NTENOS SU PROYECTO<\/h1>\n<p>&#8221; content_phone=&#8221;<\/p>\n<h1>CU\u00c9NTENOS SU PROYECTO<\/h1>\n<p>&#8221; content_last_edited=&#8221;on|phone&#8221; admin_label=&#8221;TITRE&#8221; _builder_version=&#8221;4.16&#8243; _module_preset=&#8221;b1c20f6d-462d-4d74-87a7-b647eae790cf&#8221; header_font=&#8221;Montserrat|600|||||||&#8221; header_text_align=&#8221;center&#8221; header_text_color=&#8221;#f4d010&#8243; header_line_height=&#8221;1.4em&#8221; header_2_text_align=&#8221;center&#8221; width=&#8221;100%&#8221; module_alignment=&#8221;center&#8221; custom_padding=&#8221;41px|||||&#8221; header_text_align_tablet=&#8221;&#8221; header_text_align_phone=&#8221;center&#8221; header_text_align_last_edited=&#8221;on|phone&#8221; header_font_size_tablet=&#8221;&#8221; header_font_size_phone=&#8221;28px&#8221; header_font_size_last_edited=&#8221;on|phone&#8221; global_colors_info=&#8221;{}&#8221;]<\/p>\n<h1>CU\u00c9NTENOS SU PROYECTO<\/h1>\n<p>[\/et_pb_text][\/et_pb_column][\/et_pb_row][\/et_pb_section][et_pb_section fb_built=&#8221;1&#8243; disabled_on=&#8221;on|off|off&#8221; module_id=&#8221;contactenos&#8221; _builder_version=&#8221;4.16&#8243; _module_preset=&#8221;default&#8221; custom_padding=&#8221;0px||49px|||&#8221; global_colors_info=&#8221;{}&#8221;][et_pb_row _builder_version=&#8221;4.16&#8243; _module_preset=&#8221;default&#8221; custom_padding=&#8221;0px||0px|||&#8221; global_colors_info=&#8221;{}&#8221;][et_pb_column type=&#8221;4_4&#8243; _builder_version=&#8221;4.16&#8243; _module_preset=&#8221;default&#8221; global_colors_info=&#8221;{}&#8221;][et_pb_divider show_divider=&#8221;off&#8221; _builder_version=&#8221;4.16&#8243; _module_preset=&#8221;default&#8221; global_colors_info=&#8221;{}&#8221;][\/et_pb_divider][\/et_pb_column][\/et_pb_row][\/et_pb_section][et_pb_section fb_built=&#8221;1&#8243; _builder_version=&#8221;4.16&#8243; _module_preset=&#8221;default&#8221; custom_padding=&#8221;5px||2px|||&#8221; global_colors_info=&#8221;{}&#8221;][et_pb_row _builder_version=&#8221;4.16&#8243; _module_preset=&#8221;default&#8221; min_height=&#8221;41px&#8221; custom_padding=&#8221;29px|||||&#8221; global_colors_info=&#8221;{}&#8221;][et_pb_column type=&#8221;4_4&#8243; _builder_version=&#8221;4.16&#8243; _module_preset=&#8221;default&#8221; global_colors_info=&#8221;{}&#8221;][et_pb_text _builder_version=&#8221;4.16&#8243; _module_preset=&#8221;default&#8221; text_font=&#8221;Open Sans|600|||||||&#8221; text_text_color=&#8221;#224584&#8243; text_font_size=&#8221;28px&#8221; text_line_height=&#8221;1.3em&#8221; header_text_align=&#8221;center&#8221; header_font_size=&#8221;41px&#8221; text_orientation=&#8221;center&#8221; text_font_size_tablet=&#8221;&#8221; text_font_size_phone=&#8221;22px&#8221; text_font_size_last_edited=&#8221;on|phone&#8221; global_colors_info=&#8221;{}&#8221;]<\/p>\n<p>Nuestro equipo le contestar\u00e1 en todos los idiomas<\/p>\n<p>[\/et_pb_text][\/et_pb_column][\/et_pb_row][et_pb_row column_structure=&#8221;1_6,1_6,1_6,1_6,1_6,1_6&#8243; custom_padding_last_edited=&#8221;on|phone&#8221; disabled_on=&#8221;on|off|off&#8221; module_class=&#8221;six-columns&#8221; _builder_version=&#8221;4.24.0&#8243; _module_preset=&#8221;default&#8221; custom_padding=&#8221;58px|||||&#8221; custom_padding_tablet=&#8221;&#8221; custom_padding_phone=&#8221;18px||||false|false&#8221; hover_enabled=&#8221;0&#8243; global_colors_info=&#8221;{}&#8221; custom_css_main_element_last_edited=&#8221;on|phone&#8221; custom_css_main_element_phone=&#8221;display: flex!important;&#8221; body_font_size_phone=&#8221;7px&#8221; body_font_size_last_edited=&#8221;on|phone&#8221; sticky_enabled=&#8221;0&#8243;][et_pb_column type=&#8221;1_6&#8243; _builder_version=&#8221;4.16&#8243; _module_preset=&#8221;default&#8221; global_colors_info=&#8221;{}&#8221;][et_pb_text _builder_version=&#8221;4.16&#8243; _module_preset=&#8221;default&#8221; text_font=&#8221;Open Sans||||||||&#8221; text_orientation=&#8221;center&#8221; custom_margin=&#8221;0px||0px||false|false&#8221; custom_padding=&#8221;0px||||false|false&#8221; text_font_size_tablet=&#8221;&#8221; text_font_size_phone=&#8221;7px&#8221; text_font_size_last_edited=&#8221;on|phone&#8221; locked=&#8221;off&#8221; global_colors_info=&#8221;{}&#8221;]<\/p>\n<p>JAVIER<\/p>\n<p>[\/et_pb_text][et_pb_text _builder_version=&#8221;4.24.0&#8243; _module_preset=&#8221;default&#8221; custom_padding=&#8221;10px||||false|false&#8221; custom_padding_tablet=&#8221;&#8221; custom_padding_phone=&#8221;6px||||false|false&#8221; custom_padding_last_edited=&#8221;on|phone&#8221; hover_enabled=&#8221;0&#8243; locked=&#8221;off&#8221; global_colors_info=&#8221;{}&#8221; sticky_enabled=&#8221;0&#8243;]<\/p>\n<p style=\"text-align: center;\"><a href=\"https:\/\/bmemballage.com\/\/\/esp\/wp-content\/uploads\/sites\/7\/2020\/08\/Plan-de-travail-2-10.svg\"><img loading=\"lazy\" decoding=\"async\" src=\"https:\/\/bmemballage.com\/\/\/esp\/wp-content\/uploads\/sites\/7\/2020\/08\/Plan-de-travail-2-10.svg\" width=\"110\" height=\"52\" alt=\"\" class=\"wp-image-222702 alignnone size-medium\" style=\"margin-left: auto; margin-right: auto;\" \/><\/a><\/p>\n<p>[\/et_pb_text][\/et_pb_column][et_pb_column type=&#8221;1_6&#8243; _builder_version=&#8221;4.16&#8243; _module_preset=&#8221;default&#8221; global_colors_info=&#8221;{}&#8221;][et_pb_text _builder_version=&#8221;4.16&#8243; _module_preset=&#8221;default&#8221; text_font=&#8221;Open Sans||||||||&#8221; text_orientation=&#8221;center&#8221; custom_margin=&#8221;0px||8px||false|false&#8221; custom_padding=&#8221;0px||||false|false&#8221; text_font_size_tablet=&#8221;&#8221; text_font_size_phone=&#8221;7px&#8221; text_font_size_last_edited=&#8221;on|phone&#8221; locked=&#8221;off&#8221; global_colors_info=&#8221;{}&#8221;]<\/p>\n<p>HUGO<\/p>\n<p>[\/et_pb_text][et_pb_text _builder_version=&#8221;4.24.0&#8243; _module_preset=&#8221;default&#8221; background_color=&#8221;#ffffff&#8221; hover_enabled=&#8221;0&#8243; global_colors_info=&#8221;{}&#8221; sticky_enabled=&#8221;0&#8243;]<\/p>\n<p style=\"text-align: center;\"><img loading=\"lazy\" decoding=\"async\" src=\"https:\/\/bmemballage.com\/\/\/esp\/wp-content\/uploads\/sites\/7\/2020\/08\/Plan-de-travail-2-5.svg\" width=\"108\" height=\"51\" alt=\"\" class=\"wp-image-222682 alignnone size-medium\" style=\"margin-left: auto; margin-right: auto;\" \/><\/p>\n<p>[\/et_pb_text][\/et_pb_column][et_pb_column type=&#8221;1_6&#8243; _builder_version=&#8221;4.16&#8243; _module_preset=&#8221;default&#8221; global_colors_info=&#8221;{}&#8221;][et_pb_text _builder_version=&#8221;4.16&#8243; _module_preset=&#8221;default&#8221; text_font=&#8221;Open Sans||||||||&#8221; text_orientation=&#8221;center&#8221; custom_margin=&#8221;0px||0px||false|false&#8221; custom_padding=&#8221;0px||||false|false&#8221; text_font_size_tablet=&#8221;&#8221; text_font_size_phone=&#8221;7px&#8221; text_font_size_last_edited=&#8221;on|phone&#8221; global_colors_info=&#8221;{}&#8221;]<\/p>\n<p>CHRISTOPHE<\/p>\n<p>[\/et_pb_text][et_pb_text content_tablet=&#8221;&#8221; content_phone=&#8221;&#8221; content_last_edited=&#8221;on|phone&#8221; _builder_version=&#8221;4.24.0&#8243; _module_preset=&#8221;default&#8221; width=&#8221;%2222%22&#8243; height=&#8221;%2220%22&#8243; custom_padding=&#8221;11px||||false|false&#8221; custom_padding_tablet=&#8221;&#8221; custom_padding_phone=&#8221;8px||||false|false&#8221; custom_padding_last_edited=&#8221;on|phone&#8221; hover_enabled=&#8221;0&#8243; locked=&#8221;off&#8221; global_colors_info=&#8221;{}&#8221; sticky_enabled=&#8221;0&#8243;]<\/p>\n<p style=\"text-align: center;\"><img loading=\"lazy\" decoding=\"async\" src=\"https:\/\/bmemballage.com\/\/\/esp\/wp-content\/uploads\/sites\/7\/2020\/08\/Plan-de-travail-2.svg\" width=\"51\" height=\"47\" alt=\"\" class=\"wp-image-222610 alignnone size-medium\" style=\"margin-left: auto; margin-right: auto;\" \/><\/p>\n<p>[\/et_pb_text][\/et_pb_column][et_pb_column type=&#8221;1_6&#8243; _builder_version=&#8221;4.16&#8243; _module_preset=&#8221;default&#8221; global_colors_info=&#8221;{}&#8221;][et_pb_text _builder_version=&#8221;4.24.0&#8243; _module_preset=&#8221;default&#8221; text_font=&#8221;Open Sans||||||||&#8221; text_orientation=&#8221;center&#8221; custom_margin=&#8221;0px||0px||false|false&#8221; custom_padding=&#8221;0px||||false|false&#8221; hover_enabled=&#8221;0&#8243; text_font_size_tablet=&#8221;&#8221; text_font_size_phone=&#8221;7px&#8221; text_font_size_last_edited=&#8221;on|phone&#8221; locked=&#8221;off&#8221; global_colors_info=&#8221;{}&#8221; sticky_enabled=&#8221;0&#8243;]<\/p>\n<p>YVES<\/p>\n<p>[\/et_pb_text][et_pb_text content_tablet=&#8221;&#8221; content_phone=&#8221;&#8221; content_last_edited=&#8221;on|phone&#8221; _builder_version=&#8221;4.16&#8243; _module_preset=&#8221;default&#8221; text_font=&#8221;Open Sans||||||||&#8221; text_orientation=&#8221;center&#8221; width=&#8221;%2223%22&#8243; height=&#8221;%2221%22&#8243; custom_padding=&#8221;11px||||false|false&#8221; custom_padding_tablet=&#8221;&#8221; custom_padding_phone=&#8221;8px||||false|false&#8221; custom_padding_last_edited=&#8221;on|phone&#8221; text_font_size_tablet=&#8221;&#8221; text_font_size_phone=&#8221;7px&#8221; text_font_size_last_edited=&#8221;on|phone&#8221; locked=&#8221;off&#8221; global_colors_info=&#8221;{}&#8221;]<\/p>\n<p><img loading=\"lazy\" decoding=\"async\" src=\"https:\/\/bmemballage.com\/\/\/esp\/wp-content\/uploads\/sites\/7\/2020\/08\/Plan-de-travail-2.svg\" width=\"51\" height=\"47\" alt=\"\" class=\"wp-image-222610 alignnone size-medium\" style=\"margin-left: auto;margin-right: auto\" \/><\/p>\n<p>[\/et_pb_text][\/et_pb_column][et_pb_column type=&#8221;1_6&#8243; _builder_version=&#8221;4.16&#8243; _module_preset=&#8221;default&#8221; global_colors_info=&#8221;{}&#8221;][et_pb_text _builder_version=&#8221;4.16&#8243; _module_preset=&#8221;default&#8221; text_font=&#8221;Open Sans||||||||&#8221; text_orientation=&#8221;center&#8221; custom_margin=&#8221;0px||0px||false|false&#8221; custom_padding=&#8221;0px||||false|false&#8221; text_font_size_tablet=&#8221;&#8221; text_font_size_phone=&#8221;7px&#8221; text_font_size_last_edited=&#8221;on|phone&#8221; locked=&#8221;off&#8221; global_colors_info=&#8221;{}&#8221;]<\/p>\n<p>LUISA<\/p>\n<p>[\/et_pb_text][et_pb_text _builder_version=&#8221;4.24.0&#8243; _module_preset=&#8221;default&#8221; custom_padding=&#8221;10px||||false|false&#8221; custom_padding_tablet=&#8221;&#8221; custom_padding_phone=&#8221;7px||||false|false&#8221; custom_padding_last_edited=&#8221;on|phone&#8221; hover_enabled=&#8221;0&#8243; locked=&#8221;off&#8221; global_colors_info=&#8221;{}&#8221; sticky_enabled=&#8221;0&#8243;]<\/p>\n<p style=\"text-align: center;\"><a href=\"https:\/\/bmemballage.com\/\/\/esp\/wp-content\/uploads\/sites\/7\/2020\/08\/Plan-de-travail-2-11.svg\"><img loading=\"lazy\" decoding=\"async\" src=\"https:\/\/bmemballage.com\/\/\/esp\/wp-content\/uploads\/sites\/7\/2020\/08\/Plan-de-travail-2-11.svg\" width=\"110\" height=\"52\" alt=\"\" class=\"wp-image-222705 alignnone size-medium\" style=\"margin-left: auto; margin-right: auto;\" \/><\/a><\/p>\n<p>[\/et_pb_text][\/et_pb_column][et_pb_column type=&#8221;1_6&#8243; _builder_version=&#8221;4.16&#8243; _module_preset=&#8221;default&#8221; global_colors_info=&#8221;{}&#8221;][et_pb_text _builder_version=&#8221;4.16&#8243; _module_preset=&#8221;default&#8221; text_font=&#8221;Open Sans||||||||&#8221; text_orientation=&#8221;center&#8221; custom_margin=&#8221;0px||0px||false|false&#8221; custom_padding=&#8221;0px||||false|false&#8221; text_font_size_tablet=&#8221;&#8221; text_font_size_phone=&#8221;7px&#8221; text_font_size_last_edited=&#8221;on|phone&#8221; locked=&#8221;off&#8221; global_colors_info=&#8221;{}&#8221;]<\/p>\n<p>GILLES<\/p>\n<p>[\/et_pb_text][et_pb_text _builder_version=&#8221;4.16&#8243; _module_preset=&#8221;default&#8221; custom_padding=&#8221;10px||||false|false&#8221; custom_padding_tablet=&#8221;&#8221; custom_padding_phone=&#8221;7px||||false|false&#8221; custom_padding_last_edited=&#8221;on|phone&#8221; locked=&#8221;off&#8221; global_colors_info=&#8221;{}&#8221;]<\/p>\n<p style=\"text-align: center\"><a href=\"https:\/\/bmemballage.com\/\/\/esp\/wp-content\/uploads\/sites\/7\/2020\/08\/Plan-de-travail-2-8.svg\"><\/a><a href=\"https:\/\/bmemballage.com\/\/\/esp\/wp-content\/uploads\/sites\/7\/2020\/08\/Plan-de-travail-2-9.svg\"><img loading=\"lazy\" decoding=\"async\" src=\"https:\/\/bmemballage.com\/\/\/esp\/wp-content\/uploads\/sites\/7\/2020\/08\/Plan-de-travail-2-9.svg\" width=\"110\" height=\"52\" alt=\"\" class=\"wp-image-222699 alignnone size-medium\" \/><\/a><a href=\"https:\/\/bmemballage.com\/\/\/esp\/wp-content\/uploads\/sites\/7\/2020\/08\/Plan-de-travail-2-8.svg\"><\/a><\/p>\n<p>[\/et_pb_text][\/et_pb_column][\/et_pb_row][\/et_pb_section][et_pb_section fb_built=&#8221;1&#8243; _builder_version=&#8221;4.16&#8243; _module_preset=&#8221;default&#8221; custom_padding=&#8221;0px||0px|||&#8221; global_colors_info=&#8221;{}&#8221;][et_pb_row module_id=&#8221;contact&#8221; _builder_version=&#8221;4.16&#8243; _module_preset=&#8221;default&#8221; custom_margin=&#8221;-2px|auto||auto||&#8221; global_colors_info=&#8221;{}&#8221;][et_pb_column type=&#8221;4_4&#8243; _builder_version=&#8221;4.16&#8243; _module_preset=&#8221;default&#8221; global_colors_info=&#8221;{}&#8221;][et_pb_wpt_gravityform gravityform_id=&#8221;gf-1&#8243; title=&#8221;off&#8221; description=&#8221;off&#8221; ajax=&#8221;on&#8221; _builder_version=&#8221;4.16&#8243; _module_preset=&#8221;default&#8221; custom_css_main_element=&#8221;box-shadow: 0 20px 100px rgba(0,0,0,.1);||-webkit-box-shadow: 0 20px 100px rgba(0,0,0,.1);||-moz-box-shadow: 0 20px 100px rgba(0,0,0,.1);||border-radius: 5px;||-webkit-border-radius: 5px;||-moz-border-radius: 5px;||||padding:20px!important;&#8221; global_colors_info=&#8221;{}&#8221;][\/et_pb_wpt_gravityform][et_pb_text _builder_version=&#8221;4.16&#8243; _module_preset=&#8221;default&#8221; text_font=&#8221;Open Sans||on||||||&#8221; text_font_size=&#8221;14px&#8221; text_font_size_tablet=&#8221;&#8221; text_font_size_phone=&#8221;12px&#8221; text_font_size_last_edited=&#8221;on|phone&#8221; global_colors_info=&#8221;{}&#8221;]<\/p>\n<p>Reglamento General de Protecci\u00f3n de Datos de la Uni\u00f3n Europea: los datos recogidos ser\u00e1n objeto de un tratamiento inform\u00e1tico para la gesti\u00f3n de nuestra base de contactos entrantes. Somos responsables del tratamiento de sus datos. Los servicios internos y externos de la empresa <strong>BM e<em>mballage<\/em><\/strong> son los destinatarios de estos datos. Conforme a la ley francesa \u00abInform\u00e1tica, Archivos y Libertades\u00bb, de 6 de enero de 1978 modificada, dispone de un derecho de acceso, modificaci\u00f3n y rectificaci\u00f3n de los datos que le conciernen que podr\u00e1 ejercer mediante una solicitud por correo electr\u00f3nico. Est\u00e1 en su derecho de rechazar el tratamiento de sus datos personales. En este caso, no podr\u00e1 beneficiarse de nuestros servicios.<\/p>\n<p>[\/et_pb_text][\/et_pb_column][\/et_pb_row][\/et_pb_section][et_pb_section fb_built=&#8221;1&#8243; module_id=&#8221;coordonnees&#8221; _builder_version=&#8221;4.16&#8243; _module_preset=&#8221;default&#8221; custom_padding=&#8221;0px||5px|||&#8221; global_colors_info=&#8221;{}&#8221;][et_pb_row _builder_version=&#8221;4.16&#8243; _module_preset=&#8221;default&#8221; global_colors_info=&#8221;{}&#8221;][et_pb_column type=&#8221;4_4&#8243; _builder_version=&#8221;4.16&#8243; _module_preset=&#8221;default&#8221; global_colors_info=&#8221;{}&#8221;][et_pb_divider show_divider=&#8221;off&#8221; _builder_version=&#8221;4.16&#8243; _module_preset=&#8221;default&#8221; global_colors_info=&#8221;{}&#8221;][\/et_pb_divider][\/et_pb_column][\/et_pb_row][\/et_pb_section][et_pb_section fb_built=&#8221;1&#8243; custom_padding_last_edited=&#8221;on|phone&#8221; _builder_version=&#8221;4.16&#8243; _module_preset=&#8221;default&#8221; background_color=&#8221;#f4f4f4&#8243; custom_padding_tablet=&#8221;&#8221; custom_padding_phone=&#8221;||60px||false|false&#8221; global_colors_info=&#8221;{}&#8221;][et_pb_row column_structure=&#8221;1_4,1_4,1_4,1_4&#8243; _builder_version=&#8221;4.16&#8243; _module_preset=&#8221;default&#8221; global_colors_info=&#8221;{}&#8221;][et_pb_column type=&#8221;1_4&#8243; _builder_version=&#8221;4.16&#8243; _module_preset=&#8221;default&#8221; global_colors_info=&#8221;{}&#8221;][et_pb_blurb title=&#8221;Servicio al cliente&#8221; image=&#8221;https:\/\/bmemballage.com\/\/\/esp\/wp-content\/uploads\/sites\/7\/2020\/08\/chats-4873_6c89d5ee-2f65-425c-ad61-ac42025a9094.svg&#8221; image_icon_width=&#8221;40%&#8221; image_icon_width_tablet=&#8221;40%&#8221; image_icon_width_phone=&#8221;30%&#8221; image_icon_width_last_edited=&#8221;on|phone&#8221; _builder_version=&#8221;4.16&#8243; _module_preset=&#8221;default&#8221; header_text_align=&#8221;center&#8221; header_font_size=&#8221;18px&#8221; body_text_align=&#8221;center&#8221; transform_translate=&#8221;0px|-15px&#8221; transform_translate_linked=&#8221;off&#8221; module_alignment=&#8221;center&#8221; custom_padding=&#8221;0px|||||&#8221; custom_padding_tablet=&#8221;&#8221; custom_padding_phone=&#8221;40px||||false|false&#8221; custom_padding_last_edited=&#8221;on|phone&#8221; border_color_all_image=&#8221;#224584&#8243; image_max_width=&#8221;40%&#8221; image_max_width_tablet=&#8221;&#8221; image_max_width_phone=&#8221;30%&#8221; image_max_width_last_edited=&#8221;on|phone&#8221; global_colors_info=&#8221;{}&#8221;]<\/p>\n<p>\u00a0De las 8h hasta las 12h y de la 1h30 hasta las 6h del Lunes al Viernes<\/p>\n<p>[\/et_pb_blurb][\/et_pb_column][et_pb_column type=&#8221;1_4&#8243; _builder_version=&#8221;4.16&#8243; _module_preset=&#8221;default&#8221; global_colors_info=&#8221;{}&#8221;][et_pb_blurb title=&#8221;Numero de telefono &#8221; image=&#8221;https:\/\/bmemballage.com\/\/\/esp\/wp-content\/uploads\/sites\/7\/2020\/08\/calls-4768_e993bad9-a8c4-41ca-a35e-11704e1a0817-1.svg&#8221; image_icon_width=&#8221;40%&#8221; image_icon_width_tablet=&#8221;40%&#8221; image_icon_width_phone=&#8221;24%&#8221; image_icon_width_last_edited=&#8221;on|phone&#8221; _builder_version=&#8221;4.16&#8243; _module_preset=&#8221;default&#8221; header_text_align=&#8221;center&#8221; header_font_size=&#8221;18px&#8221; body_text_align=&#8221;center&#8221; module_alignment=&#8221;center&#8221; child_filter_saturate=&#8221;78%&#8221; border_color_all_image=&#8221;#224584&#8243; image_max_width=&#8221;40%&#8221; image_max_width_tablet=&#8221;&#8221; image_max_width_phone=&#8221;24%&#8221; image_max_width_last_edited=&#8221;on|phone&#8221; global_colors_info=&#8221;{}&#8221;]<\/p>\n<p>\u00a0+33 561 832 669<\/p>\n<p>[\/et_pb_blurb][\/et_pb_column][et_pb_column type=&#8221;1_4&#8243; _builder_version=&#8221;4.16&#8243; _module_preset=&#8221;default&#8221; global_colors_info=&#8221;{}&#8221;][et_pb_blurb title=&#8221;Mail &#8221; image=&#8221;https:\/\/bmemballage.com\/\/\/esp\/wp-content\/uploads\/sites\/7\/2020\/08\/mail-4825_eb1a8397-9a69-40d3-9a7b-d8ca65a5cb4a-1.svg&#8221; image_icon_width=&#8221;40%&#8221; image_icon_width_tablet=&#8221;40%&#8221; image_icon_width_phone=&#8221;30%&#8221; image_icon_width_last_edited=&#8221;on|phone&#8221; _builder_version=&#8221;4.16&#8243; _module_preset=&#8221;default&#8221; header_text_align=&#8221;center&#8221; header_font_size=&#8221;18px&#8221; body_text_align=&#8221;center&#8221; module_alignment=&#8221;center&#8221; custom_margin=&#8221;-17px|||||&#8221; custom_margin_tablet=&#8221;&#8221; custom_margin_phone=&#8221;0px||||false|false&#8221; custom_margin_last_edited=&#8221;on|phone&#8221; custom_padding=&#8221;0px|||||&#8221; border_color_all_image=&#8221;#224584&#8243; image_max_width=&#8221;40%&#8221; image_max_width_tablet=&#8221;&#8221; image_max_width_phone=&#8221;30%&#8221; image_max_width_last_edited=&#8221;on|phone&#8221; global_colors_info=&#8221;{}&#8221;]<\/p>\n<p>contact@bmemballage.com<\/p>\n<p>[\/et_pb_blurb][\/et_pb_column][et_pb_column type=&#8221;1_4&#8243; _builder_version=&#8221;4.16&#8243; _module_preset=&#8221;default&#8221; global_colors_info=&#8221;{}&#8221;][et_pb_blurb title=&#8221;Direcci\u00f3n&#8221; image=&#8221;https:\/\/bmemballage.com\/\/\/esp\/wp-content\/uploads\/sites\/7\/2020\/08\/pin-732_1980e913-28ec-4fad-99ef-455dc5b412a8-2.svg&#8221; image_icon_width=&#8221;40%&#8221; image_icon_width_tablet=&#8221;40%&#8221; image_icon_width_phone=&#8221;30%&#8221; image_icon_width_last_edited=&#8221;on|phone&#8221; _builder_version=&#8221;4.16&#8243; _module_preset=&#8221;default&#8221; header_text_align=&#8221;center&#8221; header_font_size=&#8221;18px&#8221; body_text_align=&#8221;center&#8221; module_alignment=&#8221;center&#8221; custom_margin=&#8221;-7px|||||&#8221; custom_margin_tablet=&#8221;&#8221; custom_margin_phone=&#8221;0px||||false|false&#8221; custom_margin_last_edited=&#8221;on|phone&#8221; border_color_all_image=&#8221;#224584&#8243; image_max_width=&#8221;40%&#8221; image_max_width_tablet=&#8221;&#8221; image_max_width_phone=&#8221;30%&#8221; image_max_width_last_edited=&#8221;on|phone&#8221; global_colors_info=&#8221;{}&#8221;]<\/p>\n<p>ZI de la Pomme,<br \/> 31250 REVEL, FRANCE<\/p>\n<p>[\/et_pb_blurb][\/et_pb_column][\/et_pb_row][\/et_pb_section][et_pb_section fb_built=&#8221;1&#8243; custom_padding_last_edited=&#8221;on|phone&#8221; _builder_version=&#8221;4.16&#8243; _module_preset=&#8221;default&#8221; custom_padding=&#8221;109px|||||&#8221; custom_padding_tablet=&#8221;&#8221; custom_padding_phone=&#8221;109px||40px||false|false&#8221; global_module=&#8221;223510&#8243; saved_tabs=&#8221;all&#8221; locked=&#8221;off&#8221; global_colors_info=&#8221;{}&#8221;][et_pb_row _builder_version=&#8221;4.16&#8243; _module_preset=&#8221;default&#8221; custom_margin=&#8221;-57px|auto||auto||&#8221; global_colors_info=&#8221;{}&#8221;][et_pb_column type=&#8221;4_4&#8243; _builder_version=&#8221;4.16&#8243; _module_preset=&#8221;default&#8221; global_colors_info=&#8221;{}&#8221;][dica_divi_carousel item_width=&#8221;175px&#8221; transition_duration=&#8221;1500&#8243; autoplay=&#8221;on&#8221; item_spacing=&#8221;50&#8243; _builder_version=&#8221;4.24.0&#8243; _module_preset=&#8221;23598ee3-8185-4a6c-9204-3bfb2b846f6f&#8221; global_colors_info=&#8221;{}&#8221;][dica_divi_carouselitem title=&#8221;B18P&#8221; url=&#8221;https:\/\/bmemballage.com\/\/\/es\/flejadora-semi-automatica-b18p\/&#8221; button_url_new_window=&#8221;1&#8243; image=&#8221;https:\/\/bmemballage.com\/\/\/wp-content\/uploads\/2020\/08\/BM-EMBALLAGE-B18P-CERCLEUSE-SEMI-AUTOMATIQUE.png&#8221; _builder_version=&#8221;4.20.2&#8243; _module_preset=&#8221;default&#8221; body_font=&#8221;Open Sans|600|||||||&#8221; body_font_size=&#8221;12px&#8221; body_line_height=&#8221;1.4em&#8221; global_colors_info=&#8221;{}&#8221;]<\/p>\n<p>FLEJADORA SEMI-AUTOMATICA<\/p>\n<p>[\/dica_divi_carouselitem][dica_divi_carouselitem title=&#8221;BM6&#8243; url=&#8221;https:\/\/bmemballage.com\/\/\/es\/maquina-de-limpieza-de-las-varas-de-cepa-madre-bm6\/&#8221; button_url_new_window=&#8221;1&#8243; image=&#8221;https:\/\/bmemballage.com\/\/\/esp\/wp-content\/uploads\/sites\/7\/2020\/08\/BM-EMBALLAGE-BM6-MACHINE-A-DEVRILLER-LA-VIGNE-MERE.png&#8221; _builder_version=&#8221;4.16&#8243; _module_preset=&#8221;default&#8221; body_font=&#8221;Open Sans|600|||||||&#8221; body_font_size=&#8221;12px&#8221; body_line_height=&#8221;1.4em&#8221; global_colors_info=&#8221;{}&#8221;]<\/p>\n<p>M\u00c1QUINA DE LIMPIEZA DE<br \/>LAS VARAS DE CEPA MADRE<\/p>\n<p>[\/dica_divi_carouselitem][dica_divi_carouselitem title=&#8221;BM8&#8243; url=&#8221;https:\/\/bmemballage.com\/\/\/es\/maquina-para-el-desbrote-y-desyemado-bm8\/&#8221; button_url_new_window=&#8221;1&#8243; image=&#8221;https:\/\/bmemballage.com\/es\/wp-content\/uploads\/sites\/7\/2023\/03\/BM8-4.67-Det-24.png&#8221; _builder_version=&#8221;4.24.0&#8243; _module_preset=&#8221;default&#8221; body_font=&#8221;Open Sans|600|||||||&#8221; body_font_size=&#8221;12px&#8221; body_line_height=&#8221;1.4em&#8221; global_colors_info=&#8221;{}&#8221;]<\/p>\n<p>MAQUINA PARA<br \/>EL DESBROTE Y DESYEMADO<\/p>\n<p>[\/dica_divi_carouselitem][dica_divi_carouselitem title=&#8221;BM9&#8243; url=&#8221;https:\/\/bmemballage.com\/es\/maquina-para-el-desbrote-y-desyemado-bm9\/&#8221; button_url_new_window=&#8221;1&#8243; image=&#8221;https:\/\/bmemballage.com\/es\/wp-content\/uploads\/sites\/7\/2024\/10\/BM9-FACE-MACHINE1706-002-800.png&#8221; _builder_version=&#8221;4.24.0&#8243; _module_preset=&#8221;default&#8221; body_font=&#8221;Open Sans|600|||||||&#8221; body_font_size=&#8221;12px&#8221; body_line_height=&#8221;1.4em&#8221; global_colors_info=&#8221;{}&#8221;]<\/p>\n<p>MAQUINA PARA<br \/>EL DESBROTE Y DESYEMADO &#8211; SPEED<\/p>\n<p>[\/dica_divi_carouselitem][dica_divi_carouselitem title=&#8221;BM116&#8243; url=&#8221;https:\/\/bmemballage.com\/\/\/es\/maquina-de-corte-para-portainjertos-bm116\/&#8221; button_url_new_window=&#8221;1&#8243; image=&#8221;https:\/\/bmemballage.com\/\/\/esp\/wp-content\/uploads\/sites\/7\/2020\/08\/BM-EMBALLAGE-MACHINE-POUR-LA-COUPE-DES-PORTE-GREFFES.png&#8221; _builder_version=&#8221;4.16&#8243; _module_preset=&#8221;default&#8221; body_font=&#8221;Open Sans|600|||||||&#8221; body_font_size=&#8221;12px&#8221; body_line_height=&#8221;1.4em&#8221; global_colors_info=&#8221;{}&#8221;]<\/p>\n<p>M\u00c1QUINA DE CORTE PARA PORTAINJERTOS<\/p>\n<p>[\/dica_divi_carouselitem][dica_divi_carouselitem title=&#8221;BM7&#8243; url=&#8221;https:\/\/bmemballage.com\/es\/maquina-para-limpiar-los-sarmientos-de-yemas-bm7\/&#8221; button_url_new_window=&#8221;1&#8243; image=&#8221;https:\/\/bmemballage.com\/es\/wp-content\/uploads\/sites\/7\/2025\/02\/BM7-BM-EMBALLAGE-vue-perspective-1.jpg&#8221; _builder_version=&#8221;4.24.0&#8243; _module_preset=&#8221;default&#8221; body_font=&#8221;Open Sans|600|||||||&#8221; body_font_size=&#8221;12px&#8221; body_line_height=&#8221;1.4em&#8221; global_colors_info=&#8221;{}&#8221;]<\/p>\n<p>M\u00c1QUINA PARA LIMPIAR <br \/>LOS SARMIENTOS DE YEMAS<\/p>\n<p>[\/dica_divi_carouselitem][dica_divi_carouselitem title=&#8221;BM76S&#8221; url=&#8221;https:\/\/bmemballage.com\/\/\/es\/maquina-de-cortar-yemas-speed-bm76s\/&#8221; button_url_new_window=&#8221;1&#8243; image=&#8221;https:\/\/bmemballage.com\/\/\/esp\/wp-content\/uploads\/sites\/7\/2020\/08\/BM76S_0003_BM76S-360.103.jpg&#8221; _builder_version=&#8221;4.16&#8243; _module_preset=&#8221;default&#8221; body_font=&#8221;Open Sans|600|||||||&#8221; body_font_size=&#8221;12px&#8221; body_line_height=&#8221;1.4em&#8221; global_colors_info=&#8221;{}&#8221;]<\/p>\n<p>MAQUINA DE CORTAR YEMAS &#8211; SPEED<\/p>\n<p>[\/dica_divi_carouselitem][dica_divi_carouselitem title=&#8221;BMG\u03a9&#8221; url=&#8221;https:\/\/bmemballage.com\/\/\/es\/maquina-injertadora-omega\/&#8221; button_url_new_window=&#8221;1&#8243; image=&#8221;https:\/\/bmemballage.com\/\/\/wp-content\/uploads\/2023\/09\/bmg-omega_vue_1.jpg&#8221; _builder_version=&#8221;4.20.2&#8243; _module_preset=&#8221;default&#8221; body_font=&#8221;Open Sans|600|||||||&#8221; body_font_size=&#8221;12px&#8221; body_line_height=&#8221;1.4em&#8221; global_colors_info=&#8221;{}&#8221;]<\/p>\n<p>MAQUINA INJERTADORA \u03a9 (omega)<\/p>\n<p>[\/dica_divi_carouselitem][\/dica_divi_carousel][\/et_pb_column][\/et_pb_row][et_pb_row _builder_version=&#8221;4.16&#8243; _module_preset=&#8221;default&#8221; global_colors_info=&#8221;{}&#8221;][et_pb_column type=&#8221;4_4&#8243; _builder_version=&#8221;4.16&#8243; _module_preset=&#8221;default&#8221; global_colors_info=&#8221;{}&#8221;][et_pb_button button_url=&#8221;https:\/\/bmemballage.com\/\/\/es\/todas-nuestras-maquinas\/&#8221; button_text=&#8221;DESCUBRIR&#8221; _builder_version=&#8221;4.16&#8243; _module_preset=&#8221;default&#8221; button_text_color=&#8221;#224584&#8243; button_border_color=&#8221;#224584&#8243; custom_padding_tablet=&#8221;&#8221; custom_padding_phone=&#8221;10px||10px||false|false&#8221; custom_padding_last_edited=&#8221;on|phone&#8221; button_text_size_tablet=&#8221;&#8221; button_text_size_phone=&#8221;18px&#8221; button_text_size_last_edited=&#8221;on|phone&#8221; global_colors_info=&#8221;{}&#8221;][\/et_pb_button][\/et_pb_column][\/et_pb_row][\/et_pb_section]<\/p>\n","protected":false},"excerpt":{"rendered":"<p>CU\u00c9NTENOS SU PROYECTONuestro equipo le contestar\u00e1 en todos los idiomasJAVIERHUGOCHRISTOPHEYVESLUISAGILLESReglamento General de Protecci\u00f3n de Datos de la Uni\u00f3n Europea: los datos recogidos ser\u00e1n objeto de un tratamiento inform\u00e1tico para la gesti\u00f3n de nuestra base de contactos entrantes. Somos responsables del tratamiento de sus datos. Los servicios internos y externos de la empresa BM emballage son los destinatarios de estos datos. Conforme a la ley francesa \u00abInform\u00e1tica, Archivos y Libertades\u00bb, de 6 de enero de 1978 modificada, dispone de un derecho de acceso, modificaci\u00f3n y rectificaci\u00f3n de los datos que le conciernen que podr\u00e1 ejercer mediante una solicitud por correo electr\u00f3nico. Est\u00e1 en su derecho de rechazar el tratamiento de sus datos personales. En este caso, no podr\u00e1 beneficiarse de nuestros servicios.\u00a0De las 8h hasta las 12h y de la 1h30 hasta las 6h del Lunes al Viernes\u00a0+33 561 832 669contact@bmemballage.comZI de la Pomme, 31250 REVEL, FRANCE<div class=\"et_pb_module dica_divi_carousel dica_divi_carousel_0\">\n\t\t\t\t\n\t\t\t\t\n\t\t\t\t\n\t\t\t\t\n\t\t\t\t\n\t\t\t\t\n\t\t\t\t<div class=\"et_pb_module_inner\">\n\t\t\t\t\t<div class=\"dica-container  desktop_middle-inside tablet_middle-inside mobile_middle-inside\" data-props='{\"desktop\":\"4\",\"tablet\":\"3\",\"mobile\":\"1\",\"speed\":\"1500\",\"arrow\":\"off\",\"dots\":\"off\",\"autoplay\":\"on\",\"autoSpeed\":\"1000\",\"loop\":\"on\",\"item_spacing\":\"50\",\"center_mode\":\"on\",\"slider_effec\":\"1\",\"cover_rotate\":\"50\",\"pause_onhover\":\"off\",\"multislide\":\"off\",\"cfshadow\":\"on\",\"order\":\"0\",\"lazyload\":\"off\",\"lazybefore\":\"off\",\"scroller_effect\":\"off\",\"autowidth\":\"on\",\"item_spacing_tablet\":\"50\",\"item_spacing_phone\":\"50\",\"scroller_speed\":\"4000\",\"hashNavigation\":\"off\"}'>\r\n\t\t\t\t\t\t\t \t<div class=\"swiper-container\">\r\n\t\t\t\t\t\t\t\t\t<div class=\"swiper-wrapper\"><\/div>\t\r\n\t\t\t\t\t\t\t\t<\/div>\t\r\n\t\t\t\t\t\t\t\t\r\n\t\t\t\t\t\t\t\t\t\t\t\t\t\t\r\n\t\t\t\t\t\t\t<\/div>\n\t\t\t\t<\/div>\n\t\t\t<\/div><div class=\"et_pb_module dica_divi_carouselitem dica_divi_carouselitem_0\">\n\t\t\t\t\n\t\t\t\t\n\t\t\t\t\n\t\t\t\t\n\t\t\t\t\n\t\t\t\t\n\t\t\t\t<div class=\"et_pb_module_inner\">\n\t\t\t\t\t<div class=\"dica-item image_top\"   data-hash=\"dica_divi_carouselitem_0\">\r\n\t\t\t\t\t\t\t\t\t<div class=\"dica-image-container\"><a class=\"image\" href=\"https:\/\/bmemballage.com\/\/\/es\/flejadora-semi-automatica-b18p\/\"><img decoding=\"async\" src=\"https:\/\/bmemballage.com\/\/\/wp-content\/uploads\/2020\/08\/BM-EMBALLAGE-B18P-CERCLEUSE-SEMI-AUTOMATIQUE.png\" alt=\"\" class=\"dica-item-image\" \/><\/a><\/div>\r\n\t\t\t\t\t\t\t\t\t<div class=\"dica-item-content\"><h4 class=\"item-title\"><a href=\"https:\/\/bmemballage.com\/\/\/es\/flejadora-semi-automatica-b18p\/\">B18P<\/a><\/h4>   <div class=\"content\">FLEJADORA SEMI-AUTOMATICA<\/div>     <\/div>\r\n\t\t\t\t\t\t\t<\/div>\n\t\t\t\t<\/div>\n\t\t\t<\/div><div class=\"et_pb_module dica_divi_carouselitem dica_divi_carouselitem_1\">\n\t\t\t\t\n\t\t\t\t\n\t\t\t\t\n\t\t\t\t\n\t\t\t\t\n\t\t\t\t\n\t\t\t\t<div class=\"et_pb_module_inner\">\n\t\t\t\t\t<div class=\"dica-item image_top\"   data-hash=\"dica_divi_carouselitem_1\">\r\n\t\t\t\t\t\t\t\t\t<div class=\"dica-image-container\"><a class=\"image\" href=\"https:\/\/bmemballage.com\/\/\/es\/maquina-de-limpieza-de-las-varas-de-cepa-madre-bm6\/\"><img decoding=\"async\" src=\"https:\/\/bmemballage.com\/\/\/esp\/wp-content\/uploads\/sites\/7\/2020\/08\/BM-EMBALLAGE-BM6-MACHINE-A-DEVRILLER-LA-VIGNE-MERE.png\" alt=\"\" class=\"dica-item-image\" \/><\/a><\/div>\r\n\t\t\t\t\t\t\t\t\t<div class=\"dica-item-content\"><h4 class=\"item-title\"><a href=\"https:\/\/bmemballage.com\/\/\/es\/maquina-de-limpieza-de-las-varas-de-cepa-madre-bm6\/\">BM6<\/a><\/h4>   <div class=\"content\">M\u00c1QUINA DE LIMPIEZA DELAS VARAS DE CEPA MADRE<\/div>     <\/div>\r\n\t\t\t\t\t\t\t<\/div>\n\t\t\t\t<\/div>\n\t\t\t<\/div><div class=\"et_pb_module dica_divi_carouselitem dica_divi_carouselitem_2\">\n\t\t\t\t\n\t\t\t\t\n\t\t\t\t\n\t\t\t\t\n\t\t\t\t\n\t\t\t\t\n\t\t\t\t<div class=\"et_pb_module_inner\">\n\t\t\t\t\t<div class=\"dica-item image_top\"   data-hash=\"dica_divi_carouselitem_2\">\r\n\t\t\t\t\t\t\t\t\t<div class=\"dica-image-container\"><a class=\"image\" href=\"https:\/\/bmemballage.com\/\/\/es\/maquina-para-el-desbrote-y-desyemado-bm8\/\"><img decoding=\"async\" src=\"https:\/\/bmemballage.com\/es\/wp-content\/uploads\/sites\/7\/2023\/03\/BM8-4.67-Det-24.png\" alt=\"\" class=\"dica-item-image\" \/><\/a><\/div>\r\n\t\t\t\t\t\t\t\t\t<div class=\"dica-item-content\"><h4 class=\"item-title\"><a href=\"https:\/\/bmemballage.com\/\/\/es\/maquina-para-el-desbrote-y-desyemado-bm8\/\">BM8<\/a><\/h4>   <div class=\"content\">MAQUINA PARAEL DESBROTE Y DESYEMADO<\/div>     <\/div>\r\n\t\t\t\t\t\t\t<\/div>\n\t\t\t\t<\/div>\n\t\t\t<\/div><div class=\"et_pb_module dica_divi_carouselitem dica_divi_carouselitem_3\">\n\t\t\t\t\n\t\t\t\t\n\t\t\t\t\n\t\t\t\t\n\t\t\t\t\n\t\t\t\t\n\t\t\t\t<div class=\"et_pb_module_inner\">\n\t\t\t\t\t<div class=\"dica-item image_top\"   data-hash=\"dica_divi_carouselitem_3\">\r\n\t\t\t\t\t\t\t\t\t\r\n\t\t\t\t\t\t\t\t\t<div class=\"dica-item-content\"><h4 class=\"item-title\">&#8221;BM9&#8243;<\/h4>        <\/div>\r\n\t\t\t\t\t\t\t<\/div>\n\t\t\t\t<\/div>\n\t\t\t<\/div><\/p>\n","protected":false},"author":1,"featured_media":0,"parent":0,"menu_order":0,"comment_status":"closed","ping_status":"closed","template":"","meta":{"_et_pb_use_builder":"on","_et_pb_old_content":"","_et_gb_content_width":"","inline_featured_image":false,"pmpro_default_level":0,"footnotes":""},"acf":[],"yoast_head":"<!-- This site is optimized with the Yoast SEO Premium plugin v15.0 - https:\/\/yoast.com\/wordpress\/plugins\/seo\/ -->\n<title>BM EMBALLAGE ESP | Contactez-nous<\/title>\n<meta name=\"description\" content=\"En savoir plus sur nos machines? Vous avez un projet, parlez-nous en, notre \u00e9quipe vous r\u00e9pond dans toutes les langues...\" \/>\n<meta name=\"robots\" content=\"index, follow, max-snippet:-1, max-image-preview:large, max-video-preview:-1\" \/>\n<link rel=\"canonical\" href=\"https:\/\/bmemballage.com\/es\/contacto\/\" \/>\n<meta property=\"og:locale\" content=\"es_ES\" \/>\n<meta property=\"og:type\" content=\"article\" \/>\n<meta property=\"og:title\" content=\"BM EMBALLAGE ESP | Contactez-nous\" \/>\n<meta property=\"og:description\" content=\"En savoir plus sur nos machines? Vous avez un projet, parlez-nous en, notre \u00e9quipe vous r\u00e9pond dans toutes les langues...\" \/>\n<meta property=\"og:url\" content=\"https:\/\/bmemballage.com\/es\/wp-json\/wp\/v2\/pages\/33\" \/>\n<meta property=\"og:site_name\" content=\"BM EMBALLAGE ESP\" \/>\n<meta property=\"article:modified_time\" content=\"2025-02-26T09:23:02+00:00\" \/>\n<meta property=\"og:image\" content=\"https:\/\/bmemballage.com\/\/\/esp\/wp-content\/uploads\/sites\/7\/2020\/08\/Plan-de-travail-2-10.svg\" \/>\n<meta name=\"twitter:card\" content=\"summary_large_image\" \/>\n<script type=\"application\/ld+json\" class=\"yoast-schema-graph\">{\"@context\":\"https:\/\/schema.org\",\"@graph\":[{\"@type\":\"Organization\",\"@id\":\"https:\/\/bmemballage.com\/es\/#organization\",\"name\":\"BM EMBALLAGE\",\"url\":\"https:\/\/bmemballage.com\/es\/\",\"sameAs\":[],\"logo\":{\"@type\":\"ImageObject\",\"@id\":\"https:\/\/bmemballage.com\/es\/#logo\",\"inLanguage\":\"es\",\"url\":\"https:\/\/bmemballage.com\/es\/wp-content\/uploads\/sites\/7\/2020\/07\/BM-EMBALLAGE-GAMME-PEPINIERISTE-LOGO.png\",\"width\":954,\"height\":388,\"caption\":\"BM EMBALLAGE\"},\"image\":{\"@id\":\"https:\/\/bmemballage.com\/es\/#logo\"}},{\"@type\":\"WebSite\",\"@id\":\"https:\/\/bmemballage.com\/es\/#website\",\"url\":\"https:\/\/bmemballage.com\/es\/\",\"name\":\"BM EMBALLAGE ESP\",\"description\":\"GAMME DE MACHINE POUR P\\u00c9PINIERISTES VITICOLES\",\"publisher\":{\"@id\":\"https:\/\/bmemballage.com\/es\/#organization\"},\"potentialAction\":[{\"@type\":\"SearchAction\",\"target\":\"https:\/\/bmemballage.com\/es\/?s={search_term_string}\",\"query-input\":\"required name=search_term_string\"}],\"inLanguage\":\"es\"},{\"@type\":\"ImageObject\",\"@id\":\"https:\/\/bmemballage.com\/es\/contacto\/#primaryimage\",\"inLanguage\":\"es\",\"url\":\"https:\/\/bmemballage.com\/\/\/esp\/wp-content\/uploads\/sites\/7\/2020\/08\/Plan-de-travail-2-10.svg\"},{\"@type\":\"WebPage\",\"@id\":\"https:\/\/bmemballage.com\/es\/contacto\/#webpage\",\"url\":\"https:\/\/bmemballage.com\/es\/contacto\/\",\"name\":\"BM EMBALLAGE ESP | Contactez-nous\",\"isPartOf\":{\"@id\":\"https:\/\/bmemballage.com\/es\/#website\"},\"primaryImageOfPage\":{\"@id\":\"https:\/\/bmemballage.com\/es\/contacto\/#primaryimage\"},\"datePublished\":\"2020-06-15T14:19:02+00:00\",\"dateModified\":\"2025-02-26T09:23:02+00:00\",\"description\":\"En savoir plus sur nos machines? Vous avez un projet, parlez-nous en, notre \\u00e9quipe vous r\\u00e9pond dans toutes les langues...\",\"inLanguage\":\"es\",\"potentialAction\":[{\"@type\":\"ReadAction\",\"target\":[\"https:\/\/bmemballage.com\/es\/contacto\/\"]}]}]}<\/script>\n<!-- \/ Yoast SEO Premium plugin. -->","_links":{"self":[{"href":"https:\/\/bmemballage.com\/es\/wp-json\/wp\/v2\/pages\/33"}],"collection":[{"href":"https:\/\/bmemballage.com\/es\/wp-json\/wp\/v2\/pages"}],"about":[{"href":"https:\/\/bmemballage.com\/es\/wp-json\/wp\/v2\/types\/page"}],"author":[{"embeddable":true,"href":"https:\/\/bmemballage.com\/es\/wp-json\/wp\/v2\/users\/1"}],"replies":[{"embeddable":true,"href":"https:\/\/bmemballage.com\/es\/wp-json\/wp\/v2\/comments?post=33"}],"version-history":[{"count":1,"href":"https:\/\/bmemballage.com\/es\/wp-json\/wp\/v2\/pages\/33\/revisions"}],"predecessor-version":[{"id":225038,"href":"https:\/\/bmemballage.com\/es\/wp-json\/wp\/v2\/pages\/33\/revisions\/225038"}],"wp:attachment":[{"href":"https:\/\/bmemballage.com\/es\/wp-json\/wp\/v2\/media?parent=33"}],"curies":[{"name":"wp","href":"https:\/\/api.w.org\/{rel}","templated":true}]}}