{"id":27,"date":"2020-06-15T16:17:45","date_gmt":"2020-06-15T14:17:45","guid":{"rendered":"https:\/\/bmemballage.com\/\/\/esp\/?page_id=27"},"modified":"2021-05-06T00:45:34","modified_gmt":"2021-05-05T22:45:34","slug":"informacion-de-interes","status":"publish","type":"page","link":"https:\/\/bmemballage.com\/es\/informacion-de-interes\/","title":{"rendered":"INFORMACI\u00d3N DE INTER\u00c9S"},"content":{"rendered":"<p>[et_pb_section fb_built=&#8221;1&#8243; _builder_version=&#8221;4.5.6&#8243; _module_preset=&#8221;default&#8221; background_image=&#8221;https:\/\/bmemballage.com\/\/\/esp\/wp-content\/uploads\/sites\/7\/2020\/07\/vineyard-102072_1920.jpg&#8221; custom_padding=&#8221;0px||0px|||&#8221; da_disable_devices=&#8221;off|off|off&#8221; da_is_popup=&#8221;off&#8221; da_exit_intent=&#8221;off&#8221; da_has_close=&#8221;on&#8221; da_alt_close=&#8221;off&#8221; da_dark_close=&#8221;off&#8221; da_not_modal=&#8221;on&#8221; da_is_singular=&#8221;off&#8221; da_with_loader=&#8221;off&#8221; da_has_shadow=&#8221;on&#8221;][et_pb_row use_custom_gutter=&#8221;on&#8221; gutter_width=&#8221;1&#8243; _builder_version=&#8221;4.5.6&#8243; _module_preset=&#8221;default&#8221; background_color=&#8221;rgba(0,0,0,0.44)&#8221; width=&#8221;100%&#8221; max_width=&#8221;1920px&#8221; custom_padding=&#8221;244px||244px||true|&#8221;][et_pb_column type=&#8221;4_4&#8243; _builder_version=&#8221;4.5.6&#8243; _module_preset=&#8221;default&#8221;][et_pb_text admin_label=&#8221;TITRE&#8221; _builder_version=&#8221;4.6.5&#8243; _module_preset=&#8221;1c3ed268-e51d-4770-a6b8-cd881930577b&#8221; header_font=&#8221;Montserrat|600|||||||&#8221; header_text_color=&#8221;#f4d010&#8243; width=&#8221;100%&#8221; module_alignment=&#8221;center&#8221; custom_padding=&#8221;41px|||||&#8221; header_font_size_tablet=&#8221;&#8221; header_font_size_phone=&#8221;28px&#8221; header_font_size_last_edited=&#8221;on|phone&#8221;]<\/p>\n<h1>INFORMACI\u00d3N \u00daTIL<\/h1>\n<p>[\/et_pb_text][\/et_pb_column][\/et_pb_row][\/et_pb_section][et_pb_section fb_built=&#8221;1&#8243; custom_padding_last_edited=&#8221;on|phone&#8221; module_id=&#8221;liensutiles&#8221; _builder_version=&#8221;4.6.5&#8243; _module_preset=&#8221;default&#8221; background_color=&#8221;#f2f2f2&#8243; custom_padding_tablet=&#8221;&#8221; custom_padding_phone=&#8221;||40px||false|false&#8221; da_disable_devices=&#8221;off|off|off&#8221; da_is_popup=&#8221;off&#8221; da_exit_intent=&#8221;off&#8221; da_has_close=&#8221;on&#8221; da_alt_close=&#8221;off&#8221; da_dark_close=&#8221;off&#8221; da_not_modal=&#8221;on&#8221; da_is_singular=&#8221;off&#8221; da_with_loader=&#8221;off&#8221; da_has_shadow=&#8221;on&#8221;][et_pb_row _builder_version=&#8221;4.5.6&#8243; _module_preset=&#8221;default&#8221; width=&#8221;100%&#8221; module_alignment=&#8221;center&#8221; custom_padding=&#8221;41px|||||&#8221; header_font_size_phone=&#8221;22px&#8221; header_font_size_last_edited=&#8221;on|phone&#8221;][et_pb_column type=&#8221;4_4&#8243; _builder_version=&#8221;4.5.6&#8243; _module_preset=&#8221;default&#8221;][et_pb_text _builder_version=&#8221;4.6.5&#8243; _module_preset=&#8221;1c3ed268-e51d-4770-a6b8-cd881930577b&#8221; header_text_align_tablet=&#8221;&#8221; header_text_align_phone=&#8221;center&#8221; header_text_align_last_edited=&#8221;on|phone&#8221; header_2_text_align_tablet=&#8221;&#8221; header_2_text_align_phone=&#8221;center&#8221; header_2_text_align_last_edited=&#8221;on|phone&#8221; header_2_font_size_tablet=&#8221;&#8221; header_2_font_size_phone=&#8221;22px&#8221; header_2_font_size_last_edited=&#8221;on|phone&#8221;]<\/p>\n<h2>ORGANIZACIONES<\/h2>\n<p>[\/et_pb_text][et_pb_blurb title=&#8221;LA FFPV&#8221; url=&#8221;https:\/\/www.ffpv.fr\/&#8221; url_new_window=&#8221;on&#8221; image=&#8221;https:\/\/bmemballage.com\/\/\/esp\/wp-content\/uploads\/sites\/7\/2020\/08\/logo-centre.png&#8221; icon_placement=&#8221;left&#8221; image_max_width=&#8221;300px&#8221; content_max_width=&#8221;100%&#8221; icon_placement_tablet=&#8221;&#8221; icon_placement_phone=&#8221;top&#8221; icon_placement_last_edited=&#8221;on|phone&#8221; _builder_version=&#8221;4.6.5&#8243; _module_preset=&#8221;default&#8221; header_font=&#8221;|700|||||||&#8221; header_text_color=&#8221;#224584&#8243; header_font_size=&#8221;18px&#8221; body_link_text_color=&#8221;#224584&#8243; custom_padding_tablet=&#8221;&#8221; custom_padding_phone=&#8221;|20px||20px|false|false&#8221; custom_padding_last_edited=&#8221;on|phone&#8221; link_option_url=&#8221;https:\/\/www.ffpv.fr\/&#8221; link_option_url_new_window=&#8221;on&#8221; header_text_align_tablet=&#8221;&#8221; header_text_align_phone=&#8221;center&#8221; header_text_align_last_edited=&#8221;on|phone&#8221; body_font_size_tablet=&#8221;&#8221; body_font_size_phone=&#8221;14px&#8221; body_font_size_last_edited=&#8221;on|phone&#8221;]<\/p>\n<p>La FFPV es el \u00fanico sindicato de viveros de Francia y se cre\u00f3 el 24 de febrero de 2003 tras la adhesi\u00f3n de todos los sindicatos departamentales o regionales.<\/p>\n<p>La FFPV celebra un congreso anual que permite a los viveristas hacer un balance de los siguientes temas: normativa, resultados y perspectivas de final de temporada, contexto vit\u00edcola de las distintas regiones, etc.<\/p>\n<p><a href=\"https:\/\/www.ffpv.fr\/\" target=\"_blank\" rel=\"noopener noreferrer\"><span>www.ffpv.fr<\/span><\/a><\/p>\n<p>[\/et_pb_blurb][et_pb_blurb title=&#8221;INSTITUT FRAN\u00c7AIS DE LA VIGNE ET DU VIN&#8221; url=&#8221;https:\/\/www.vignevin.com\/&#8221; url_new_window=&#8221;on&#8221; image=&#8221;https:\/\/bmemballage.com\/\/\/esp\/wp-content\/uploads\/sites\/7\/2020\/08\/download-3.png&#8221; icon_placement=&#8221;left&#8221; image_max_width=&#8221;300px&#8221; content_max_width=&#8221;100%&#8221; icon_placement_tablet=&#8221;&#8221; icon_placement_phone=&#8221;top&#8221; icon_placement_last_edited=&#8221;on|phone&#8221; image_max_width_tablet=&#8221;&#8221; image_max_width_phone=&#8221;141px&#8221; image_max_width_last_edited=&#8221;on|desktop&#8221; _builder_version=&#8221;4.6.5&#8243; _module_preset=&#8221;default&#8221; header_font=&#8221;|700|||||||&#8221; header_text_color=&#8221;#224584&#8243; header_font_size=&#8221;18px&#8221; body_link_text_color=&#8221;#224584&#8243; custom_padding_tablet=&#8221;&#8221; custom_padding_phone=&#8221;|20px||20px|false|false&#8221; custom_padding_last_edited=&#8221;on|phone&#8221; link_option_url=&#8221;https:\/\/www.vignevin.com\/&#8221; link_option_url_new_window=&#8221;on&#8221; header_text_align_tablet=&#8221;&#8221; header_text_align_phone=&#8221;center&#8221; header_text_align_last_edited=&#8221;on|phone&#8221; header_line_height_tablet=&#8221;&#8221; header_line_height_phone=&#8221;1.4em&#8221; header_line_height_last_edited=&#8221;on|phone&#8221; body_font_size_tablet=&#8221;&#8221; body_font_size_phone=&#8221;14px&#8221; body_font_size_last_edited=&#8221;on|phone&#8221;]<\/p>\n<p>El Instituto Franc\u00e9s de la Vi\u00f1a y el Vino (IFV) es un organismo t\u00e9cnico cuya &#8220;misi\u00f3n de inter\u00e9s general es realizar estudios generales para todo el sector vitivin\u00edcola en los \u00e1mbitos de la mejora vegetal, la viticultura, la vinificaci\u00f3n y la comercializaci\u00f3n de productos&#8221;.<\/p>\n<p><a href=\"https:\/\/www.vignevin.com\/\" target=\"_blank\" rel=\"noopener noreferrer\"><span>www.vignevin.com<\/span><\/a><\/p>\n<p>[\/et_pb_blurb][\/et_pb_column][\/et_pb_row][\/et_pb_section][et_pb_section fb_built=&#8221;1&#8243; custom_padding_last_edited=&#8221;on|phone&#8221; module_id=&#8221;salons&#8221; _builder_version=&#8221;4.6.5&#8243; _module_preset=&#8221;default&#8221; custom_padding_tablet=&#8221;&#8221; custom_padding_phone=&#8221;40px||40px||false|false&#8221; da_disable_devices=&#8221;off|off|off&#8221; da_is_popup=&#8221;off&#8221; da_exit_intent=&#8221;off&#8221; da_has_close=&#8221;on&#8221; da_alt_close=&#8221;off&#8221; da_dark_close=&#8221;off&#8221; da_not_modal=&#8221;on&#8221; da_is_singular=&#8221;off&#8221; da_with_loader=&#8221;off&#8221; da_has_shadow=&#8221;on&#8221;][et_pb_row _builder_version=&#8221;4.5.6&#8243; _module_preset=&#8221;default&#8221;][et_pb_column type=&#8221;4_4&#8243; _builder_version=&#8221;4.5.6&#8243; _module_preset=&#8221;default&#8221;][et_pb_text content_tablet=&#8221;&#8221; content_phone=&#8221;<\/p>\n<h2>LES \u00c9V\u00c9NEMENTS <br \/>\u00c0 NE PAS RATER<\/h2>\n<p>&#8221; content_last_edited=&#8221;on|phone&#8221; _builder_version=&#8221;4.6.5&#8243; _module_preset=&#8221;3e83c471-5e65-4537-a855-d3569345055d&#8221; header_text_align_tablet=&#8221;&#8221; header_text_align_phone=&#8221;center&#8221; header_text_align_last_edited=&#8221;on|phone&#8221; header_2_text_align_tablet=&#8221;&#8221; header_2_text_align_phone=&#8221;center&#8221; header_2_text_align_last_edited=&#8221;on|phone&#8221; header_2_font_size_phone=&#8221;22px&#8221;]<\/p>\n<h2>EVENTOS QUE NO HAY QUE OLVIDAR<\/h2>\n<p>[\/et_pb_text][et_pb_blurb title=&#8221;SALON VINITECH &#8211; SIFEL&#8221; url=&#8221;https:\/\/www.vinitech-sifel.com\/&#8221; url_new_window=&#8221;on&#8221; image=&#8221;https:\/\/bmemballage.com\/\/\/esp\/wp-content\/uploads\/sites\/7\/2020\/08\/download-2.png&#8221; icon_placement=&#8221;left&#8221; image_max_width=&#8221;300px&#8221; content_max_width=&#8221;100%&#8221; icon_placement_tablet=&#8221;&#8221; icon_placement_phone=&#8221;top&#8221; icon_placement_last_edited=&#8221;on|phone&#8221; _builder_version=&#8221;4.6.5&#8243; _module_preset=&#8221;default&#8221; header_font=&#8221;|700|||||||&#8221; header_text_color=&#8221;#224584&#8243; header_font_size=&#8221;18px&#8221; body_link_text_color=&#8221;#224584&#8243; link_option_url=&#8221;https:\/\/www.vinitech-sifel.com\/&#8221; link_option_url_new_window=&#8221;on&#8221; header_text_align_tablet=&#8221;&#8221; header_text_align_phone=&#8221;center&#8221; header_text_align_last_edited=&#8221;on|phone&#8221; body_font_size_tablet=&#8221;&#8221; body_font_size_phone=&#8221;14px&#8221; body_font_size_last_edited=&#8221;on|phone&#8221; locked=&#8221;off&#8221;]<\/p>\n<p>VINITECH-SIFEL es un gran evento internacional y una verdadera referencia para los profesionales de los sectores del vino, las frutas y las verduras. Ofrece un programa completo con la innovaci\u00f3n como tema principal.<\/p>\n<p>Vinitech-Sifel est\u00e1 dise\u00f1ado por y para profesionales. Todos los grandes actores del sector del vino y la huerta est\u00e1n presentes para decidir juntos el contenido y la ambici\u00f3n de esta exposici\u00f3n. Gracias a la inversi\u00f3n de un comit\u00e9 cient\u00edfico y t\u00e9cnico formado por expertos multidisciplinares reconocidos por la profesi\u00f3n, Vinitech se ha convertido en el escaparate mundial de las innovaciones del sector.<\/p>\n<p><a href=\"https:\/\/www.vinitech-sifel.com\/\" target=\"_blank\" rel=\"noopener noreferrer\"><span>www.vinitech-sifel.com<\/span><\/a><\/p>\n<p>[\/et_pb_blurb][et_pb_blurb title=&#8221;SALON SITEVI&#8221; url=&#8221;http:\/\/www.sitevi.com&#8221; url_new_window=&#8221;on&#8221; image=&#8221;https:\/\/bmemballage.com\/\/\/esp\/wp-content\/uploads\/sites\/7\/2020\/08\/download.jpg&#8221; icon_placement=&#8221;left&#8221; image_max_width=&#8221;300px&#8221; content_max_width=&#8221;100%&#8221; icon_placement_tablet=&#8221;&#8221; icon_placement_phone=&#8221;top&#8221; icon_placement_last_edited=&#8221;on|phone&#8221; image_max_width_tablet=&#8221;&#8221; image_max_width_phone=&#8221;161px&#8221; image_max_width_last_edited=&#8221;on|phone&#8221; _builder_version=&#8221;4.6.5&#8243; _module_preset=&#8221;default&#8221; header_font=&#8221;|700|||||||&#8221; header_text_color=&#8221;#224584&#8243; header_font_size=&#8221;18px&#8221; body_link_text_color=&#8221;#224584&#8243; link_option_url=&#8221;http:\/\/www.sitevi.com&#8221; link_option_url_new_window=&#8221;on&#8221; header_text_align_tablet=&#8221;&#8221; header_text_align_phone=&#8221;center&#8221; header_text_align_last_edited=&#8221;on|phone&#8221; body_font_size_tablet=&#8221;&#8221; body_font_size_phone=&#8221;14px&#8221; body_font_size_last_edited=&#8221;on|phone&#8221; locked=&#8221;off&#8221;]<\/p>\n<p>Exposici\u00f3n internacional de equipos y conocimientos t\u00e9cnicos para la producci\u00f3n de vino, aceitunas, frutas y verduras.<br \/>Es la cita ineludible de la innovaci\u00f3n agr\u00edcola dedicada a los profesionales.<\/p>\n<p><span><a href=\"http:\/\/www.sitevi.com\" target=\"_blank\" rel=\"noopener noreferrer\">www.sitevi.com<\/a><\/span><\/p>\n<p>[\/et_pb_blurb][\/et_pb_column][\/et_pb_row][\/et_pb_section][et_pb_section fb_built=&#8221;1&#8243; _builder_version=&#8221;4.5.6&#8243; _module_preset=&#8221;default&#8221; background_color=&#8221;#f2f2f2&#8243; custom_padding=&#8221;38px||18px|||&#8221; top_divider_color=&#8221;#224584&#8243; top_divider_height=&#8221;52px&#8221; top_divider_flip=&#8221;vertical&#8221; bottom_divider_color=&#8221;#224584&#8243; da_disable_devices=&#8221;off|off|off&#8221; da_is_popup=&#8221;off&#8221; da_exit_intent=&#8221;off&#8221; da_has_close=&#8221;on&#8221; da_alt_close=&#8221;off&#8221; da_dark_close=&#8221;off&#8221; da_not_modal=&#8221;on&#8221; da_is_singular=&#8221;off&#8221; da_with_loader=&#8221;off&#8221; da_has_shadow=&#8221;on&#8221;][et_pb_row _builder_version=&#8221;4.5.6&#8243; _module_preset=&#8221;default&#8221;][et_pb_column type=&#8221;4_4&#8243; _builder_version=&#8221;4.5.6&#8243; _module_preset=&#8221;default&#8221;][et_pb_text _builder_version=&#8221;4.6.5&#8243; _module_preset=&#8221;3e83c471-5e65-4537-a855-d3569345055d&#8221; header_2_font=&#8221;Montserrat|700|||||||&#8221; header_2_text_align=&#8221;center&#8221; header_text_align_tablet=&#8221;&#8221; header_text_align_phone=&#8221;center&#8221; header_text_align_last_edited=&#8221;on|phone&#8221; header_2_text_align_tablet=&#8221;&#8221; header_2_text_align_phone=&#8221;center&#8221; header_2_text_align_last_edited=&#8221;on|phone&#8221; header_2_font_size_phone=&#8221;22px&#8221;]<\/p>\n<h2>BM <em>emballage, <\/em>38 A\u00d1OS ACOMPA\u00d1ADO AL VIVERO VID<\/h2>\n<p>[\/et_pb_text][\/et_pb_column][\/et_pb_row][\/et_pb_section][et_pb_section fb_built=&#8221;1&#8243; custom_padding_last_edited=&#8221;on|phone&#8221; _builder_version=&#8221;4.6.5&#8243; _module_preset=&#8221;default&#8221; custom_padding=&#8221;109px|||||&#8221; custom_padding_tablet=&#8221;&#8221; custom_padding_phone=&#8221;109px||40px||false|false&#8221; da_disable_devices=&#8221;off|off|off&#8221; global_module=&#8221;223510&#8243; saved_tabs=&#8221;all&#8221; locked=&#8221;off&#8221; da_is_popup=&#8221;off&#8221; da_exit_intent=&#8221;off&#8221; da_has_close=&#8221;on&#8221; da_alt_close=&#8221;off&#8221; da_dark_close=&#8221;off&#8221; da_not_modal=&#8221;on&#8221; da_is_singular=&#8221;off&#8221; da_with_loader=&#8221;off&#8221; da_has_shadow=&#8221;on&#8221;][et_pb_row _builder_version=&#8221;4.5.6&#8243; _module_preset=&#8221;default&#8221; custom_margin=&#8221;-57px|auto||auto||&#8221;][et_pb_column type=&#8221;4_4&#8243; _builder_version=&#8221;4.5.6&#8243; _module_preset=&#8221;default&#8221;][dica_divi_carousel item_width=&#8221;175px&#8221; transition_duration=&#8221;1500&#8243; autoplay=&#8221;on&#8221; item_spacing=&#8221;50&#8243; _builder_version=&#8221;4.6.5&#8243; _module_preset=&#8221;23598ee3-8185-4a6c-9204-3bfb2b846f6f&#8221;][dica_divi_carouselitem title=&#8221;BM6&#8243; url=&#8221;https:\/\/bmemballage.com\/\/\/es\/maquina-de-limpieza-de-las-varas-de-cepa-madre-bm6\/&#8221; button_url_new_window=&#8221;1&#8243; image=&#8221;https:\/\/bmemballage.com\/\/\/esp\/wp-content\/uploads\/sites\/7\/2020\/08\/BM-EMBALLAGE-BM6-MACHINE-A-DEVRILLER-LA-VIGNE-MERE.png&#8221; _builder_version=&#8221;4.6.5&#8243; _module_preset=&#8221;default&#8221; body_font=&#8221;Open Sans|600|||||||&#8221; body_font_size=&#8221;12px&#8221; body_line_height=&#8221;1.4em&#8221;]<\/p>\n<p>M\u00c1QUINA DE LIMPIEZA DE<br \/>LAS VARAS DE CEPA MADRE<\/p>\n<p>[\/dica_divi_carouselitem][dica_divi_carouselitem title=&#8221;BM8&#8243; url=&#8221;https:\/\/bmemballage.com\/\/\/es\/maquina-para-el-desbrote-y-desyemado-bm8\/&#8221; button_url_new_window=&#8221;1&#8243; image=&#8221;https:\/\/bmemballage.com\/\/\/esp\/wp-content\/uploads\/sites\/7\/2020\/08\/BM-EMBALLAGE-BM8-MACHINE-A-EBOURGEONNER-ET-DEBOUTURER-LA-VIGNE-MERE.png&#8221; _builder_version=&#8221;4.6.5&#8243; _module_preset=&#8221;default&#8221; body_font=&#8221;Open Sans|600|||||||&#8221; body_font_size=&#8221;12px&#8221; body_line_height=&#8221;1.4em&#8221;]<\/p>\n<p>MAQUINA PARA<br \/>EL DESBROTE Y DESYEMADO<\/p>\n<p>[\/dica_divi_carouselitem][dica_divi_carouselitem title=&#8221;BM116&#8243; url=&#8221;https:\/\/bmemballage.com\/\/\/es\/maquina-de-corte-para-portainjertos-bm116\/&#8221; button_url_new_window=&#8221;1&#8243; image=&#8221;https:\/\/bmemballage.com\/\/\/esp\/wp-content\/uploads\/sites\/7\/2020\/08\/BM-EMBALLAGE-MACHINE-POUR-LA-COUPE-DES-PORTE-GREFFES.png&#8221; _builder_version=&#8221;4.6.5&#8243; _module_preset=&#8221;default&#8221; body_font=&#8221;Open Sans|600|||||||&#8221; body_font_size=&#8221;12px&#8221; body_line_height=&#8221;1.4em&#8221;]<\/p>\n<p>M\u00c1QUINA DE CORTE PARA PORTAINJERTOS<\/p>\n<p>[\/dica_divi_carouselitem][dica_divi_carouselitem title=&#8221;BM76G&#8221; url=&#8221;https:\/\/bmemballage.com\/\/\/es\/maquina-de-cortar-yemas-bm76g\/&#8221; button_url_new_window=&#8221;1&#8243; image=&#8221;https:\/\/bmemballage.com\/\/\/esp\/wp-content\/uploads\/sites\/7\/2020\/08\/BM-EMBALLAGE-MACHINE-POUR-LA-COUPE-DES-GREFFONS.png&#8221; _builder_version=&#8221;4.6.5&#8243; _module_preset=&#8221;default&#8221; body_font=&#8221;Open Sans|600|||||||&#8221; body_font_size=&#8221;12px&#8221; body_line_height=&#8221;1.4em&#8221;]<\/p>\n<p>MAQUINA DE CORTAR YEMAS<\/p>\n<p>[\/dica_divi_carouselitem][dica_divi_carouselitem title=&#8221;BM76S&#8221; url=&#8221;https:\/\/bmemballage.com\/\/\/es\/maquina-de-cortar-yemas-speed-bm76s\/&#8221; button_url_new_window=&#8221;1&#8243; image=&#8221;https:\/\/bmemballage.com\/\/\/esp\/wp-content\/uploads\/sites\/7\/2020\/08\/BM76S_0003_BM76S-360.103.jpg&#8221; _builder_version=&#8221;4.6.5&#8243; _module_preset=&#8221;default&#8221; body_font=&#8221;Open Sans|600|||||||&#8221; body_font_size=&#8221;12px&#8221; body_line_height=&#8221;1.4em&#8221;]<\/p>\n<p>MAQUINA DE CORTAR YEMAS &#8211; SPEED<\/p>\n<p>[\/dica_divi_carouselitem][dica_divi_carouselitem title=&#8221;B18P&#8221; url=&#8221;https:\/\/bmemballage.com\/\/\/es\/flejadora-semi-automatica-b18p\/&#8221; button_url_new_window=&#8221;1&#8243; image=&#8221;https:\/\/bmemballage.com\/\/\/esp\/wp-content\/uploads\/sites\/7\/2020\/08\/BM-EMBALLAGE-B18P-CERCLEUSE-SEMI-AUTOMATIQUE.png&#8221; _builder_version=&#8221;4.6.5&#8243; _module_preset=&#8221;default&#8221; body_font=&#8221;Open Sans|600|||||||&#8221; body_font_size=&#8221;12px&#8221; body_line_height=&#8221;1.4em&#8221;]<\/p>\n<p>FLEJADORA SEMI-AUTOMATICA<\/p>\n<p>[\/dica_divi_carouselitem][\/dica_divi_carousel][\/et_pb_column][\/et_pb_row][et_pb_row _builder_version=&#8221;4.5.6&#8243; _module_preset=&#8221;default&#8221;][et_pb_column type=&#8221;4_4&#8243; _builder_version=&#8221;4.5.6&#8243; _module_preset=&#8221;default&#8221;][et_pb_button button_url=&#8221;https:\/\/bmemballage.com\/\/\/es\/todas-nuestras-maquinas\/&#8221; button_text=&#8221;DESCUBRIR&#8221; _builder_version=&#8221;4.6.5&#8243; _module_preset=&#8221;default&#8221; button_text_color=&#8221;#224584&#8243; button_border_color=&#8221;#224584&#8243; custom_padding_tablet=&#8221;&#8221; custom_padding_phone=&#8221;10px||10px||false|false&#8221; custom_padding_last_edited=&#8221;on|phone&#8221; button_text_size_tablet=&#8221;&#8221; button_text_size_phone=&#8221;18px&#8221; button_text_size_last_edited=&#8221;on|phone&#8221;][\/et_pb_button][\/et_pb_column][\/et_pb_row][\/et_pb_section][et_pb_section fb_built=&#8221;1&#8243; custom_padding_last_edited=&#8221;on|phone&#8221; _builder_version=&#8221;4.6.5&#8243; _module_preset=&#8221;default&#8221; background_color=&#8221;#f4f4f4&#8243; custom_padding=&#8221;0px||25px||false|false&#8221; custom_padding_tablet=&#8221;&#8221; custom_padding_phone=&#8221;0px||40px||false|false&#8221; da_disable_devices=&#8221;off|off|off&#8221; da_is_popup=&#8221;off&#8221; da_exit_intent=&#8221;off&#8221; da_has_close=&#8221;on&#8221; da_alt_close=&#8221;off&#8221; da_dark_close=&#8221;off&#8221; da_not_modal=&#8221;on&#8221; da_is_singular=&#8221;off&#8221; da_with_loader=&#8221;off&#8221; da_has_shadow=&#8221;on&#8221;][et_pb_row custom_padding_last_edited=&#8221;on|phone&#8221; _builder_version=&#8221;4.6.5&#8243; _module_preset=&#8221;default&#8221; custom_padding=&#8221;88px|||||&#8221; custom_padding_tablet=&#8221;&#8221; custom_padding_phone=&#8221;40px||0px||false|false&#8221;][et_pb_column type=&#8221;4_4&#8243; _builder_version=&#8221;4.5.6&#8243; _module_preset=&#8221;default&#8221;][et_pb_text _builder_version=&#8221;4.6.5&#8243; _module_preset=&#8221;9f353592-c401-4573-8e18-c215935ce6ec&#8221; custom_padding_tablet=&#8221;&#8221; custom_padding_phone=&#8221;||20px||false|false&#8221; custom_padding_last_edited=&#8221;on|phone&#8221; text_font_size_tablet=&#8221;&#8221; text_font_size_phone=&#8221;18px&#8221; text_font_size_last_edited=&#8221;on|phone&#8221;]<\/p>\n<p>Contacto con nuestros asesores<br \/>para todas las solicitudes de presupuesto e informaci\u00f3n<\/p>\n<p>[\/et_pb_text][\/et_pb_column][\/et_pb_row][et_pb_row _builder_version=&#8221;4.5.6&#8243; _module_preset=&#8221;default&#8221;][et_pb_column type=&#8221;4_4&#8243; _builder_version=&#8221;4.5.6&#8243; _module_preset=&#8221;default&#8221;][et_pb_button button_url=&#8221;https:\/\/bmemballage.com\/\/\/esp\/contact\/&#8221; button_text=&#8221;CONTACTAR&#8221; _builder_version=&#8221;4.9.1&#8243; _module_preset=&#8221;e70fe75c-e6cc-4ac8-a9c9-8b2701734146&#8243; button_text_color=&#8221;#ffffff&#8221; button_bg_color=&#8221;#224584&#8243;][\/et_pb_button][\/et_pb_column][\/et_pb_row][\/et_pb_section]<\/p>\n","protected":false},"excerpt":{"rendered":"<p>INFORMACI\u00d3N \u00daTILORGANIZACIONESLa FFPV es el \u00fanico sindicato de viveros de Francia y se cre\u00f3 el 24 de febrero de 2003 tras la adhesi\u00f3n de todos los sindicatos departamentales o regionales. La FFPV celebra un congreso anual que permite a los viveristas hacer un balance de los siguientes temas: normativa, resultados y perspectivas de final de temporada, contexto vit\u00edcola de las distintas regiones, etc. www.ffpv.frEl Instituto Franc\u00e9s de la Vi\u00f1a y el Vino (IFV) es un organismo t\u00e9cnico cuya &#8220;misi\u00f3n de inter\u00e9s general es realizar estudios generales para todo el sector vitivin\u00edcola en los \u00e1mbitos de la mejora vegetal, la viticultura, la vinificaci\u00f3n y la comercializaci\u00f3n de productos&#8221;. www.vignevin.comEVENTOS QUE NO HAY QUE OLVIDARVINITECH-SIFEL es un gran evento internacional y una verdadera referencia para los profesionales de los sectores del vino, las frutas y las verduras. Ofrece un programa completo con la innovaci\u00f3n como tema principal. Vinitech-Sifel est\u00e1 dise\u00f1ado por y para profesionales. Todos los grandes actores del sector del vino y la huerta est\u00e1n presentes para decidir juntos el contenido y la ambici\u00f3n de esta exposici\u00f3n. Gracias a la inversi\u00f3n de un comit\u00e9 cient\u00edfico y t\u00e9cnico formado por expertos multidisciplinares reconocidos por la profesi\u00f3n, Vinitech se ha convertido en el [&hellip;]<\/p>\n","protected":false},"author":1,"featured_media":0,"parent":0,"menu_order":0,"comment_status":"closed","ping_status":"closed","template":"","meta":{"_et_pb_use_builder":"on","_et_pb_old_content":"","_et_gb_content_width":"","inline_featured_image":false,"pmpro_default_level":0,"footnotes":""},"acf":[],"yoast_head":"<!-- This site is optimized with the Yoast SEO Premium plugin v15.0 - https:\/\/yoast.com\/wordpress\/plugins\/seo\/ -->\n<title>BM EMBALLAGE ESP | Infos utiles<\/title>\n<meta name=\"description\" content=\"Les principaux \u00e9v\u00e9nements de la fili\u00e8re viticole \u00e0 ne pas rater, Vinitech-Sifel, Salon Sitevi. Les principaux organismes \u00e0 conna\u00eetre, FFPV, Institut Fran\u00e7ais de la Vigne et du Vin\" \/>\n<meta name=\"robots\" content=\"index, follow, max-snippet:-1, max-image-preview:large, max-video-preview:-1\" \/>\n<link rel=\"canonical\" href=\"https:\/\/bmemballage.com\/\/\/es\/informacion-de-interes\/\" \/>\n<meta property=\"og:locale\" content=\"es_ES\" \/>\n<meta property=\"og:type\" content=\"article\" \/>\n<meta property=\"og:title\" content=\"BM EMBALLAGE ESP | Infos utiles\" \/>\n<meta property=\"og:description\" content=\"Les principaux \u00e9v\u00e9nements de la fili\u00e8re viticole \u00e0 ne pas rater, Vinitech-Sifel, Salon Sitevi. Les principaux organismes \u00e0 conna\u00eetre, FFPV, Institut Fran\u00e7ais de la Vigne et du Vin\" \/>\n<meta property=\"og:url\" content=\"https:\/\/bmemballage.com\/es\/wp-json\/wp\/v2\/pages\/27\" \/>\n<meta property=\"og:site_name\" content=\"BM EMBALLAGE ESP\" \/>\n<meta property=\"article:modified_time\" content=\"2021-05-05T22:45:34+00:00\" \/>\n<meta name=\"twitter:card\" content=\"summary_large_image\" \/>\n<script type=\"application\/ld+json\" class=\"yoast-schema-graph\">{\"@context\":\"https:\/\/schema.org\",\"@graph\":[{\"@type\":\"Organization\",\"@id\":\"https:\/\/bmemballage.com\/es\/#organization\",\"name\":\"BM EMBALLAGE\",\"url\":\"https:\/\/bmemballage.com\/es\/\",\"sameAs\":[],\"logo\":{\"@type\":\"ImageObject\",\"@id\":\"https:\/\/bmemballage.com\/es\/#logo\",\"inLanguage\":\"es\",\"url\":\"https:\/\/bmemballage.com\/es\/wp-content\/uploads\/sites\/7\/2020\/07\/BM-EMBALLAGE-GAMME-PEPINIERISTE-LOGO.png\",\"width\":954,\"height\":388,\"caption\":\"BM EMBALLAGE\"},\"image\":{\"@id\":\"https:\/\/bmemballage.com\/es\/#logo\"}},{\"@type\":\"WebSite\",\"@id\":\"https:\/\/bmemballage.com\/es\/#website\",\"url\":\"https:\/\/bmemballage.com\/es\/\",\"name\":\"BM EMBALLAGE ESP\",\"description\":\"GAMME DE MACHINE POUR P\\u00c9PINIERISTES VITICOLES\",\"publisher\":{\"@id\":\"https:\/\/bmemballage.com\/es\/#organization\"},\"potentialAction\":[{\"@type\":\"SearchAction\",\"target\":\"https:\/\/bmemballage.com\/es\/?s={search_term_string}\",\"query-input\":\"required name=search_term_string\"}],\"inLanguage\":\"es\"},{\"@type\":\"WebPage\",\"@id\":\"https:\/\/bmemballage.com\/\/\/es\/informacion-de-interes\/#webpage\",\"url\":\"https:\/\/bmemballage.com\/\/\/es\/informacion-de-interes\/\",\"name\":\"BM EMBALLAGE ESP | Infos utiles\",\"isPartOf\":{\"@id\":\"https:\/\/bmemballage.com\/es\/#website\"},\"datePublished\":\"2020-06-15T14:17:45+00:00\",\"dateModified\":\"2021-05-05T22:45:34+00:00\",\"description\":\"Les principaux \\u00e9v\\u00e9nements de la fili\\u00e8re viticole \\u00e0 ne pas rater, Vinitech-Sifel, Salon Sitevi. Les principaux organismes \\u00e0 conna\\u00eetre, FFPV, Institut Fran\\u00e7ais de la Vigne et du Vin\",\"inLanguage\":\"es\",\"potentialAction\":[{\"@type\":\"ReadAction\",\"target\":[\"https:\/\/bmemballage.com\/\/\/es\/informacion-de-interes\/\"]}]}]}<\/script>\n<!-- \/ Yoast SEO Premium plugin. -->","_links":{"self":[{"href":"https:\/\/bmemballage.com\/es\/wp-json\/wp\/v2\/pages\/27"}],"collection":[{"href":"https:\/\/bmemballage.com\/es\/wp-json\/wp\/v2\/pages"}],"about":[{"href":"https:\/\/bmemballage.com\/es\/wp-json\/wp\/v2\/types\/page"}],"author":[{"embeddable":true,"href":"https:\/\/bmemballage.com\/es\/wp-json\/wp\/v2\/users\/1"}],"replies":[{"embeddable":true,"href":"https:\/\/bmemballage.com\/es\/wp-json\/wp\/v2\/comments?post=27"}],"version-history":[{"count":0,"href":"https:\/\/bmemballage.com\/es\/wp-json\/wp\/v2\/pages\/27\/revisions"}],"wp:attachment":[{"href":"https:\/\/bmemballage.com\/es\/wp-json\/wp\/v2\/media?parent=27"}],"curies":[{"name":"wp","href":"https:\/\/api.w.org\/{rel}","templated":true}]}}